{"id":20897,"date":"2017-10-26T16:00:08","date_gmt":"2017-10-26T14:00:08","guid":{"rendered":"http:\/\/peter-hess-institute.com\/?page_id=20897"},"modified":"2021-03-17T11:59:59","modified_gmt":"2021-03-17T10:59:59","slug":"seminar-praxismanagement-erfolgreich-selbststaendig-mit-den-peter-hess-klangmethoden","status":"publish","type":"page","link":"http:\/\/peter-hess-institute.com\/es\/seminar-praxismanagement-erfolgreich-selbststaendig-mit-den-peter-hess-klangmethoden\/","title":{"rendered":"Seminario Praxismanagement \u2013 \u00c9xito independiente con los m\u00e9todos de sonido Peter Hess\u00ae"},"content":{"rendered":"<p>&nbsp;<\/p>\n<h2>Seminario Praxismanagement \u2013 \u00c9xito independiente con los m\u00e9todos de sonido Peter Hess\u00ae<\/h2>\n<h3>Paso a paso, \u00e9xito en la autonom\u00eda (de las partes)<\/h3>\n<p>con Heike Thiede<\/p>\n<p>&nbsp;<\/p>\n<p>\u00bfHa finalizado con \u00e9xito su formaci\u00f3n como masajista Peter Hess\u00ae o masajista Peter Hess\u00ae y desea realizar el masaje Peter Hess\u00ae de forma profesional? \u00bfTiene la idea de que los m\u00e9todos de masaje de Peter Hess\u00ae le ayudar\u00e1n a ser m\u00e1s independiente, aunque s\u00f3lo sea como masaje de pareja o neoterapia? Auch dann ist eine Menge zu beachten. No se trata s\u00f3lo de la cuesti\u00f3n de c\u00f3mo y cu\u00e1ndo puedo trabajar por mi cuenta. En virtud de la legislaci\u00f3n, existen numerosas normas en las que se abordan cuestiones relacionadas con la direcci\u00f3n y la seguridad, y las circunstancias y circunstancias personales desempe\u00f1an un papel fundamental. Por lo tanto, es muy importante que nos pongamos en contacto con su situaci\u00f3n y que le informemos al respecto. Una buena orientaci\u00f3n es la clave para tener \u00e9xito y requiere una buena planificaci\u00f3n, estructura, organizaci\u00f3n y marketing. El objetivo de este seminario es desarrollar cada uno de los temas, para que al final del seminario pueda empezar a trabajar con satisfacci\u00f3n y seguridad.<\/p>\n<p><strong>Inhalt:<\/strong><\/p>\n<ul>\n<li>La gesti\u00f3n de la existencia: \u00bfqu\u00e9 hay que tener en cuenta?<\/li>\n<li>Direcci\u00f3n y fundamentos jur\u00eddicos<\/li>\n<li>Fundamentos de la edici\u00f3n abreviada de libros<\/li>\n<li>B\u00fcroorganisation<\/li>\n<li>Marketing y ventas<\/li>\n<li>\u00bfC\u00f3mo me doy a conocer como Peter Hess\u00ae- Klangmassagepraktiker\/in?<\/li>\n<li>\u00bfQu\u00e9 herramientas de marketing (productos comerciales) utilizo?<\/li>\n<li>\u00bfCu\u00e1nto cuesta? - Precios<\/li>\n<li>Seguros privados y de empresa<\/li>\n<li>Financiaci\u00f3n y posibilidades de financiaci\u00f3n<\/li>\n<li>Qu\u00e9 posibilidades de ayuda ofrece la Asociaci\u00f3n.<\/li>\n<\/ul>\n<p>&nbsp;<\/p>\n<p><strong>\u00a0<\/strong><\/p>\n<p><strong>Termine:<\/strong><br \/>\n16.04.-18.04.2021 el seminario se celebrar\u00e1 en la plataforma ZOOM. Seminarbeginn ist am Freitag um 19 Uhr.<\/p>\n<p>&nbsp;<\/p>\n<p>Die Inhalte werden dieselben sein, ihr werdet viel Input f\u00fcr eure Selbstst\u00e4ndigkeit erhalten und auch praktische \u00dcbungen erarbeiten etc.<\/p>\n<p>Un d\u00eda antes del comienzo del seminario recibir\u00e1 un correo electr\u00f3nico con los datos de acceso al espacio del seminario.<\/p>\n<p>&nbsp;<\/p>\n<p>Muere\u00a0<strong>nuevos seminarios<\/strong>\u00a0werden wie folgt sein:<\/p>\n<p><strong>Freitag 16.4.:<\/strong>\u00a019.00-20.00 Uhr, bitte 15 Minuten vor Beginn einloggen und deine Technik pr\u00fcfen<\/p>\n<p><strong>Samstag 17.4.:<\/strong>\u00a010.00-13.00 Uhr und 15.00-18.00 Uhr<\/p>\n<p><strong>Sonntag 18.4.:<\/strong>\u00a010.00-13.00 Uhr und 15.00-18.00 Uhr<\/p>\n<p>&nbsp;<\/p>\n<p><strong>Voraussetzung:<\/strong> Klangmassage I, empfohlen wird der Peter Hess\u00ae-Klangmassagepraktiker\/in (Basis Ausbildung)<br \/>\n<strong>Umfang:<\/strong>\u00a016 Stunden<br \/>\n<strong>Kursgeb\u00fchr:<\/strong>\u00a0240,00 Euro \/ 200,00 Euro f\u00fcr Mitglieder des Europ\u00e4ischen Fachverbandes Klang-Massage-Therapie. e.V. inkl. Folleto<\/p>\n<p>&nbsp;<\/p>\n<p>F\u00fcr die\u00a0<strong>Anmeldung<\/strong>\u00a0k\u00f6nnen Sie\u00a0<a href=\"https:\/\/www.fachverband-klang.de\/aktuelles-zur-klangmassage\/29-uncategorised\/281-anmeldeformular-seminar-praxismanagement.html\">online das Anmeldeformular<\/a> nutzen.<\/p>","protected":false},"excerpt":{"rendered":"<p>&nbsp; Seminar Praxismanagement &#8211; Erfolgreich selbstst\u00e4ndig mit den Peter Hess\u00ae-Klangmethoden Schritt f\u00fcr Schritt erfolgreich in die (Teil-)Selbstst\u00e4ndigkeit mit Heike Thiede &nbsp; Du hast die Ausbildung zum Peter Hess\u00ae-Klangmassapraktiker\/Peter Hess\u00ae-Klangmassagepraktikerin erfolgreich abgeschlossen und m\u00f6chtest die Peter Hess\u00ae-Klangmassage beruflich einsetzen? Du spielst<span class=\"excerpt-hellip\"> [\u2026]<\/span><\/p>\n","protected":false},"author":1,"featured_media":0,"parent":0,"menu_order":0,"comment_status":"closed","ping_status":"closed","template":"","meta":{"footnotes":""},"acf":[],"_links":{"self":[{"href":"http:\/\/peter-hess-institute.com\/es\/wp-json\/wp\/v2\/pages\/20897"}],"collection":[{"href":"http:\/\/peter-hess-institute.com\/es\/wp-json\/wp\/v2\/pages"}],"about":[{"href":"http:\/\/peter-hess-institute.com\/es\/wp-json\/wp\/v2\/types\/page"}],"author":[{"embeddable":true,"href":"http:\/\/peter-hess-institute.com\/es\/wp-json\/wp\/v2\/users\/1"}],"replies":[{"embeddable":true,"href":"http:\/\/peter-hess-institute.com\/es\/wp-json\/wp\/v2\/comments?post=20897"}],"version-history":[{"count":0,"href":"http:\/\/peter-hess-institute.com\/es\/wp-json\/wp\/v2\/pages\/20897\/revisions"}],"wp:attachment":[{"href":"http:\/\/peter-hess-institute.com\/es\/wp-json\/wp\/v2\/media?parent=20897"}],"curies":[{"name":"wp","href":"https:\/\/api.w.org\/{rel}","templated":true}]}}