{"id":6698,"date":"2016-08-09T23:40:23","date_gmt":"2016-08-09T21:40:23","guid":{"rendered":"http:\/\/peter-hess-institute.com\/?page_id=6698"},"modified":"2016-08-09T23:42:41","modified_gmt":"2016-08-09T21:42:41","slug":"sitemap","status":"publish","type":"page","link":"https:\/\/peter-hess-institute.com\/es\/sitemap\/","title":{"rendered":"Mapa del sitio"},"content":{"rendered":"<div class=\"vc_row wpb_row vc_row-fluid\"><div class=\"wpb_column vc_column_container vc_col-sm-12\"><div class=\"vc_column-inner\"><div class=\"wpb_wrapper\"><div class=\"vc_empty_space\"   style=\"height: 55px\"><span class=\"vc_empty_space_inner\"><\/span><\/div>\n\t<div class=\"wpb_text_column wpb_content_element\" >\n\t\t<div class=\"wpb_wrapper\">\n\t\t\t<h2 style=\"text-align: center;\">Mapa del sitio<\/h2>\n\n\t\t<\/div>\n\t<\/div>\n<div class=\"vc_empty_space\"   style=\"height: 32px\"><span class=\"vc_empty_space_inner\"><\/span><\/div><\/div><\/div><\/div><\/div><div class=\"vc_row wpb_row vc_row-fluid\"><div class=\"wpb_column vc_column_container vc_col-sm-12\"><div class=\"vc_column-inner\"><div class=\"wpb_wrapper\">\n\t<div class=\"wpb_text_column wpb_content_element\" >\n\t\t<div class=\"wpb_wrapper\">\n\t\t\t<ul><li class=\"page_item page-item-7882\"><a href=\"https:\/\/peter-hess-institute.com\/es\/final-seminar-supervision-basic\/\">Seminario final con supervisi\u00f3n de formaci\u00f3n b\u00e1sica<\/a><\/li>\n<li class=\"page_item page-item-73954\"><a href=\"https:\/\/peter-hess-institute.com\/es\/academic-qualifications\/\">T\u00edtulos acad\u00e9micos<\/a><\/li>\n<li class=\"page_item page-item-73672\"><a href=\"https:\/\/peter-hess-institute.com\/es\/advanced-training-team\/\">Equipo de formaci\u00f3n avanzada<\/a><\/li>\n<li class=\"page_item page-item-14572\"><a href=\"https:\/\/peter-hess-institute.com\/es\/klangyoga-termine\/\">Sonidos de Yoga<\/a><\/li>\n<li class=\"page_item page-item-4006\"><a href=\"https:\/\/peter-hess-institute.com\/es\/agb\/\">Condiciones generales de contrataci\u00f3n (AGB)<\/a><\/li>\n<li class=\"page_item page-item-70282\"><a href=\"https:\/\/peter-hess-institute.com\/es\/anmeldung-newsletter-mailchimp\/\">Suscripci\u00f3n Newsletter Mailchimp<\/a><\/li>\n<li class=\"page_item page-item-5024\"><a href=\"https:\/\/peter-hess-institute.com\/es\/aufbau-von-projekten\/\">Organizaci\u00f3n de Proyectos: \u00a1Descifra el Enigma de los Proyectos! \u00a1Un Seminario de Coaching para Ti!<\/a><\/li>\n<li class=\"page_item page-item-78306\"><a href=\"https:\/\/peter-hess-institute.com\/es\/ausbilder-details\/\">Detalles del instructor<\/a><\/li>\n<li class=\"page_item page-item-78307\"><a href=\"https:\/\/peter-hess-institute.com\/es\/ausbilder-suchergebnisse\/\">Buscador de instructores<\/a><\/li>\n<li class=\"page_item page-item-78305\"><a href=\"https:\/\/peter-hess-institute.com\/es\/ausbilder-uebersicht\/\">Visi\u00f3n general del instructor<\/a><\/li>\n<li class=\"page_item page-item-10581\"><a href=\"https:\/\/peter-hess-institute.com\/es\/ausbildung-zum-emily-hess-klangyogalehrer\/\">Formaci\u00f3n para ser profesor de Yoga Sonoro Emily Hess\u00ae<\/a><\/li>\n<li class=\"page_item page-item-3031\"><a href=\"https:\/\/peter-hess-institute.com\/es\/ausbildungsabschluesse\/\">T\u00edtulos de formaci\u00f3n profesional<\/a><\/li>\n<li class=\"page_item page-item-7761\"><a href=\"https:\/\/peter-hess-institute.com\/es\/ausbildungsklangmassagen-2\/\">Masaje sonoro de formaci\u00f3n<\/a><\/li>\n<li class=\"page_item page-item-75975\"><a href=\"https:\/\/peter-hess-institute.com\/es\/supervised-training-sound-massages\/\">Masaje sonoro de formaci\u00f3n<\/a><\/li>\n<li class=\"page_item page-item-77628\"><a href=\"https:\/\/peter-hess-institute.com\/es\/bachelor-of-science-therapiewissenschaften\/\">Grado en Ciencias de la Terapia<\/a><\/li>\n<li class=\"page_item page-item-5165\"><a href=\"https:\/\/peter-hess-institute.com\/es\/basic-trust\/\">Confianza b\u00e1sica \u2013 En di\u00e1logo con tu alma<\/a><\/li>\n<li class=\"page_item page-item-50808\"><a href=\"https:\/\/peter-hess-institute.com\/es\/basic-trust-urlaubskurs\/\">\u00a1Basic Trust - Soul Experience life erleben auf Ikaria!<\/a><\/li>\n<li class=\"page_item page-item-5084\"><a href=\"https:\/\/peter-hess-institute.com\/es\/basic-trust-sound-of-life\/\">Basic Trust - Sonido de la vida<\/a><\/li>\n<li class=\"page_item page-item-4991\"><a href=\"https:\/\/peter-hess-institute.com\/es\/basic-trust-transformation\/\">Confianza b\u00e1sica \u2013 Transformaci\u00f3n<\/a><\/li>\n<li class=\"page_item page-item-5020\"><a href=\"https:\/\/peter-hess-institute.com\/es\/basic-trust-with-children\/\">Confianza b\u00e1sica con los ni\u00f1os \u2013 \u201eLa peque\u00f1a alegr\u00eda\u201c<\/a><\/li>\n<li class=\"page_item page-item-16294\"><a href=\"https:\/\/peter-hess-institute.com\/es\/beratung-coaching-therapie\/\">Asesoramiento \u2013 Coaching<\/a><\/li>\n<li class=\"page_item page-item-34420\"><a href=\"https:\/\/peter-hess-institute.com\/es\/bildungsabschluesse-am-phi-2\/\">T\u00edtulos acad\u00e9micos en el PHI<\/a><\/li>\n<li class=\"page_item page-item-24476\"><a href=\"https:\/\/peter-hess-institute.com\/es\/compact-training-sound-massage-i-ii\/\">Formaci\u00f3n en Bloques Masaje Sonoro I + II<\/a><\/li>\n<li class=\"page_item page-item-8547\"><a href=\"https:\/\/peter-hess-institute.com\/es\/blockseminar-klangmassage-mit-kindern-kinder-mit-sprache-und-klang-begeistern-2\/\">Seminario intensivo: Masaje sonoro con ni\u00f1os + Entusiasmo por el lenguaje y el sonido en ni\u00f1os<\/a><\/li>\n<li class=\"page_item page-item-2335\"><a href=\"https:\/\/peter-hess-institute.com\/es\/blog-2\/\">Blog<\/a><\/li>\n<li class=\"page_item page-item-26388\"><a href=\"https:\/\/peter-hess-institute.com\/es\/brochures-flyer\/\">Folletos y volantes<\/a><\/li>\n<li class=\"page_item page-item-33230\"><a href=\"https:\/\/peter-hess-institute.com\/es\/broschuerenbestellung\/\">Solicitud de folletos<\/a><\/li>\n<li class=\"page_item page-item-231\"><a href=\"https:\/\/peter-hess-institute.com\/es\/cart\/\">Carrito<\/a><\/li>\n<li class=\"page_item page-item-74996\"><a href=\"https:\/\/peter-hess-institute.com\/es\/category-basic-trust\/\">Categor\u00eda: Confianza b\u00e1sica<\/a><\/li>\n<li class=\"page_item page-item-75012\"><a href=\"https:\/\/peter-hess-institute.com\/es\/category-coaching\/\">Categor\u00eda: Coaching<\/a><\/li>\n<li class=\"page_item page-item-75006\"><a href=\"https:\/\/peter-hess-institute.com\/es\/category-education\/\">Categor\u00eda: Educaci\u00f3n<\/a><\/li>\n<li class=\"page_item page-item-75000\"><a href=\"https:\/\/peter-hess-institute.com\/es\/category-gong\/\">Categor\u00eda: Gong<\/a><\/li>\n<li class=\"page_item page-item-75008\"><a href=\"https:\/\/peter-hess-institute.com\/es\/category-healthcare\/\">Categor\u00eda: Atenci\u00f3n m\u00e9dica<\/a><\/li>\n<li class=\"page_item page-item-75010\"><a href=\"https:\/\/peter-hess-institute.com\/es\/category-retreat\/\">Categor\u00eda: Retiro<\/a><\/li>\n<li class=\"page_item page-item-74993\"><a href=\"https:\/\/peter-hess-institute.com\/es\/category-sound-enhanced-imagery-journeys\/\">Categor\u00eda: Viajes con im\u00e1genes potenciadas por el sonido<\/a><\/li>\n<li class=\"page_item page-item-75004\"><a href=\"https:\/\/peter-hess-institute.com\/es\/category-therapy\/\">Categor\u00eda: Terapia<\/a><\/li>\n<li class=\"page_item page-item-75014\"><a href=\"https:\/\/peter-hess-institute.com\/es\/category-wellness\/\">Categor\u00eda: Bienestar<\/a><\/li>\n<li class=\"page_item page-item-74998\"><a href=\"https:\/\/peter-hess-institute.com\/es\/category-workshop\/\">Categor\u00eda: Taller<\/a><\/li>\n<li class=\"page_item page-item-75002\"><a href=\"https:\/\/peter-hess-institute.com\/es\/category-yoga\/\">Categor\u00eda: Yoga<\/a><\/li>\n<li class=\"page_item page-item-77623\"><a href=\"https:\/\/peter-hess-institute.com\/es\/certificate-of-basic-studies\/\">Certificado de Estudios B\u00e1sicos (CBS) \u2013 Masaje de Klang, profesional<\/a><\/li>\n<li class=\"page_item page-item-16250\"><a href=\"https:\/\/peter-hess-institute.com\/es\/abschluesse-am-phi\/\">Certificados en el PHI<\/a><\/li>\n<li class=\"page_item page-item-6924\"><a href=\"https:\/\/peter-hess-institute.com\/es\/chakra-balancing\/\">Equilibrio de chakras con sonido y voz como clave para la alegr\u00eda de vivir y la salud<\/a><\/li>\n<li class=\"page_item page-item-232\"><a href=\"https:\/\/peter-hess-institute.com\/es\/checkout\/\">Pagar<\/a><\/li>\n<li class=\"page_item page-item-75460\"><a href=\"https:\/\/peter-hess-institute.com\/es\/completion-certificates\/\">Certificados de fin de estudios<\/a><\/li>\n<li class=\"page_item page-item-5146\"><a href=\"https:\/\/peter-hess-institute.com\/es\/abschlussseminar-weiterbildungen\/\">Completitud de todos los programas de entrenamiento avanzado Peter Hess\u00ae<\/a><\/li>\n<li class=\"page_item page-item-76546\"><a href=\"https:\/\/peter-hess-institute.com\/es\/daniel-otterbein\/\">Daniel Otterbein<\/a><\/li>\n<li class=\"page_item page-item-34422\"><a href=\"https:\/\/peter-hess-institute.com\/es\/das-institut-2\/\">El instituto<\/a><\/li>\n<li class=\"page_item page-item-3923\"><a href=\"https:\/\/peter-hess-institute.com\/es\/das-peter-hess-institut\/\">DAS PETER HESS<sup>\u00ae<\/sup> INSTITUT<\/a><\/li>\n<li class=\"page_item page-item-25130\"><a href=\"https:\/\/peter-hess-institute.com\/es\/datenschutz\/\">Protecci\u00f3n de datos<\/a><\/li>\n<li class=\"page_item page-item-6896\"><a href=\"https:\/\/peter-hess-institute.com\/es\/advanced-seminar-individual-sound-massage\/\">Dise\u00f1o de Masajes Sonoros Individuales<\/a><\/li>\n<li class=\"page_item page-item-45869\"><a href=\"https:\/\/peter-hess-institute.com\/es\/entspannungstrainer-fuer-klang-und-fantasiereisen\/\">La formaci\u00f3n para ser entrenador de relajaci\u00f3n en viajes de sonido y fantas\u00eda seg\u00fan Emily y Peter Hess<\/a><\/li>\n<li class=\"page_item page-item-3895\"><a href=\"https:\/\/peter-hess-institute.com\/es\/die-geschichte-des-phi\/\">La historia del PHI<\/a><\/li>\n<li class=\"page_item page-item-78291\"><a href=\"https:\/\/peter-hess-institute.com\/es\/eintrag-hinzufuegen\/\">Agregar entrada<\/a><\/li>\n<li class=\"page_item page-item-73220\"><a href=\"https:\/\/peter-hess-institute.com\/es\/emily-hess\/\">Emily Hess<\/a><\/li>\n<li class=\"page_item page-item-4771\"><a href=\"https:\/\/peter-hess-institute.com\/es\/emily-hess\/\">Emily Hess<\/a><\/li>\n<li class=\"page_item page-item-73648\"><a href=\"https:\/\/peter-hess-institute.com\/es\/emily-hess-2\/\">Emily Hess<\/a><\/li>\n<li class=\"page_item page-item-20280\"><a href=\"https:\/\/peter-hess-institute.com\/es\/emily-hess-basic-trust-coach-training-intensiveweek\/\">Emily Hess \u2013 Coaching de Confianza B\u00e1sica \u2013 Formaci\u00f3n \u2013 Semana Intensiva<\/a><\/li>\n<li class=\"page_item page-item-4766\"><a href=\"https:\/\/peter-hess-institute.com\/es\/emily-hess-klangyoga\/\">Emily Hess-Klangyoga<\/a><\/li>\n<li class=\"page_item page-item-59762\"><a href=\"https:\/\/peter-hess-institute.com\/es\/emily-hess-basic-trust-coach-master-class\/\">Emily Hess\u00ae Coaching de Confianza B\u00e1sica \u2013 Clase Magistral<\/a><\/li>\n<li class=\"page_item page-item-17788\"><a href=\"https:\/\/peter-hess-institute.com\/es\/emily-hess-gongyoga\/\">Emily Hess\u00ae-Gong-Soundyoga<\/a><\/li>\n<li class=\"page_item page-item-19310\"><a href=\"https:\/\/peter-hess-institute.com\/es\/klangbegleiter-fuer-den-yogaunterricht-online\/\">Emily Hess\u00ae-Compa\u00f1ero de Sonido para Clases de Yoga (En l\u00ednea)<\/a><\/li>\n<li class=\"page_item page-item-22344\"><a href=\"https:\/\/peter-hess-institute.com\/es\/emily-hess-klangyoga-teachertraining-fuer-yogalehrer\/\">Emily Hess\u00ae-Klangyoga Formaci\u00f3n de profesores para profesores de yoga<\/a><\/li>\n<li class=\"page_item page-item-46582\"><a href=\"https:\/\/peter-hess-institute.com\/es\/klangyoga-teachertraining-online\/\">Emily Hess\u00ae-Klangyoga formaci\u00f3n para profesores de yoga (en l\u00ednea)<\/a><\/li>\n<li class=\"page_item page-item-6908\"><a href=\"https:\/\/peter-hess-institute.com\/es\/sound-yoga-teachertraining\/\">Emily Hess\u00ae-Formaci\u00f3n de Profesores de Soundyoga<\/a><\/li>\n<li class=\"page_item page-item-10151\"><a href=\"https:\/\/peter-hess-institute.com\/es\/emily-hess-klangyoga-retreat-klangmassage-i\/\">Emily Hess<sup>\u00ae<\/sup>-Retiro de Yoga con Sonido + Masaje Sonoro 1<\/a><\/li>\n<li class=\"page_item page-item-78077\"><a href=\"https:\/\/peter-hess-institute.com\/es\/events-in-schweringen\/\">Eventos en Schweringen<\/a><\/li>\n<li class=\"page_item page-item-7087\"><a href=\"https:\/\/peter-hess-institute.com\/es\/forschung-presse\/\">Investigaci\u00f3n Prensa<\/a><\/li>\n<li class=\"page_item page-item-5158\"><a href=\"https:\/\/peter-hess-institute.com\/es\/gong-i\/\">Gong I: Fundamentos de la Interpretaci\u00f3n del Gong<\/a><\/li>\n<li class=\"page_item page-item-5161\"><a href=\"https:\/\/peter-hess-institute.com\/es\/gong-ii\/\">Gong II: M\u00f3dulo Avanzado para Tocar el Gong<\/a><\/li>\n<li class=\"page_item page-item-3887\"><a href=\"https:\/\/peter-hess-institute.com\/es\/grusswort-von-peter-hess\/\">Palabras de saludo de Peter Hess<\/a><\/li>\n<li class=\"page_item page-item-75229\"><a href=\"https:\/\/peter-hess-institute.com\/es\/\">INICIO<\/a><\/li>\n<li class=\"page_item page-item-3964\"><a href=\"https:\/\/peter-hess-institute.com\/es\/home-phi-2\/\">INICIO PHI<\/a><\/li>\n<li class=\"page_item page-item-4079\"><a href=\"https:\/\/peter-hess-institute.com\/es\/impressum\/\">Impresionante<\/a><\/li>\n<li class=\"page_item page-item-34428\"><a href=\"https:\/\/peter-hess-institute.com\/es\/individuelle-beratung-2\/\">Asesoramiento individual<\/a><\/li>\n<li class=\"page_item page-item-46855\"><a href=\"https:\/\/peter-hess-institute.com\/es\/individuelle-klangmassage-leicht-gekonnt-und-sicher-gestalten-online\/\">Crea masajes de sonido individuales de forma f\u00e1cil, h\u00e1bil y segura (Seminario en l\u00ednea)<\/a><\/li>\n<li class=\"page_item page-item-45331\"><a href=\"https:\/\/peter-hess-institute.com\/es\/intensivausbildung-urlaubskurs\/\">Curso intensivo (curso de vacaciones)<\/a><\/li>\n<li class=\"page_item page-item-6873\"><a href=\"https:\/\/peter-hess-institute.com\/es\/intensive-course-sound-massage-i-iv\/\">Curso intensivo<\/a><\/li>\n<li class=\"page_item page-item-78088\"><a href=\"https:\/\/peter-hess-institute.com\/es\/international-association\/\">Asociaci\u00f3n Internacional de Terapia de Masaje Ac\u00fastico e.V.<\/a><\/li>\n<li class=\"page_item page-item-52736\"><a href=\"https:\/\/peter-hess-institute.com\/es\/online-seminare-international-events\/\">Seminarios Internacionales<\/a><\/li>\n<li class=\"page_item page-item-5074\"><a href=\"https:\/\/peter-hess-institute.com\/es\/introductory-seminars\/\">Seminarios introductorios<\/a><\/li>\n<li class=\"page_item page-item-73633\"><a href=\"https:\/\/peter-hess-institute.com\/es\/janine-gabelmann\/\">Janine Gabelmann<\/a><\/li>\n<li class=\"page_item page-item-75778\"><a href=\"https:\/\/peter-hess-institute.com\/es\/kategorie-klangmethoden-supervision\/\">Categor\u00eda: M\u00e9todos de Sonido Supervisi\u00f3n<\/a><\/li>\n<li class=\"page_item page-item-75124\"><a href=\"https:\/\/peter-hess-institute.com\/es\/kategorie-klangseminare\/\">Categor\u00eda: Seminarios de Sonido<\/a><\/li>\n<li class=\"page_item page-item-74990\"><a href=\"https:\/\/peter-hess-institute.com\/es\/kategorie-sound-massage\/\">Categor\u00eda: Masaje Sonoro<\/a><\/li>\n<li class=\"page_item page-item-5017\"><a href=\"https:\/\/peter-hess-institute.com\/es\/kinder-mit-klang-und-sprache-begeistern\/\">Entusiasmar a los ni\u00f1os con el sonido y el lenguaje<\/a><\/li>\n<li class=\"page_item page-item-46261\"><a href=\"https:\/\/peter-hess-institute.com\/es\/kinder-mit-klang-und-sprache-begeistern-online-seminar\/\">Entusiasmar a los ni\u00f1os con el sonido y el habla (Seminario en l\u00ednea)<\/a><\/li>\n<li class=\"page_item page-item-68094\"><a href=\"https:\/\/peter-hess-institute.com\/es\/klang-in-beratung-coaching-und-therapie\/\">Klang en consultor\u00eda, coaching y terapia<\/a><\/li>\n<li class=\"page_item page-item-5062\"><a href=\"https:\/\/peter-hess-institute.com\/es\/klangentspannungscoaching\/\">Coaching de relajaci\u00f3n sonora<\/a><\/li>\n<li class=\"page_item page-item-5068\"><a href=\"https:\/\/peter-hess-institute.com\/es\/klangexperte-demenz\/\">Klangexperte Demenz<\/a><\/li>\n<li class=\"page_item page-item-5096\"><a href=\"https:\/\/peter-hess-institute.com\/es\/klangmassage-ausbildung\/\">Formaci\u00f3n en masaje sonoro<\/a><\/li>\n<li class=\"page_item page-item-41261\"><a href=\"https:\/\/peter-hess-institute.com\/es\/klangmassage1-online-seminar\/\">Masaje sonoro I \u2013 Seminario en l\u00ednea (16 h)<\/a><\/li>\n<li class=\"page_item page-item-58646\"><a href=\"https:\/\/peter-hess-institute.com\/es\/klangmassage-ii\/\">Klangmasaje II<\/a><\/li>\n<li class=\"page_item page-item-5868\"><a href=\"https:\/\/peter-hess-institute.com\/es\/sound-massage-ii\/\">Klangmasaje II<\/a><\/li>\n<li class=\"page_item page-item-46502\"><a href=\"https:\/\/peter-hess-institute.com\/es\/klangmassage-ii-online-seminar\/\">Masaje sonoro II \u2013 Seminario en l\u00ednea<\/a><\/li>\n<li class=\"page_item page-item-5870\"><a href=\"https:\/\/peter-hess-institute.com\/es\/sound-massage-iii-iv\/\">Masaje de Sonido III+IV<\/a><\/li>\n<li class=\"page_item page-item-46251\"><a href=\"https:\/\/peter-hess-institute.com\/es\/klangmassage-mit-kindern\/\">Masaje sonoro con ni\u00f1os: redescubriendo la experiencia de los cinco sentidos con los peque\u00f1os<\/a><\/li>\n<li class=\"page_item page-item-46252\"><a href=\"https:\/\/peter-hess-institute.com\/es\/klangmassage-mit-kindern-online-seminar\/\">Masaje sonoro con ni\u00f1os: Redescubrir el tacto de todos los sentidos con ni\u00f1os (Seminario en l\u00ednea)<\/a><\/li>\n<li class=\"page_item page-item-4273\"><a href=\"https:\/\/peter-hess-institute.com\/es\/klangmassagepraktikerinnen-2\/\">Practicantes de masaje sonoro<\/a><\/li>\n<li class=\"page_item page-item-52486\"><a href=\"https:\/\/peter-hess-institute.com\/es\/online-seminare-klangmassageseminare\/\">Seminarios de Masaje de Sonido (Seminarios en L\u00ednea)<\/a><\/li>\n<li class=\"page_item page-item-5058\"><a href=\"https:\/\/peter-hess-institute.com\/es\/klangpaedagoge\/\">Pedagog\u00eda del sonido<\/a><\/li>\n<li class=\"page_item page-item-11033 page_item_has_children\"><a href=\"https:\/\/peter-hess-institute.com\/es\/klangtherapeutischer-begleiterin\/\">Terapeuta de sonido acompa\u00f1ante para terapeutas ocupacionales, fisioterapeutas y logopedas<\/a>\n<ul class='children'>\n\t<li class=\"page_item page-item-12553\"><a href=\"https:\/\/peter-hess-institute.com\/es\/klangtherapeutischer-begleiterin\/klangtherapeutischer-begleiterin-fuer-heilpraktiker-fuer-psychotherapie\/\">Acompa\u00f1amiento Terap\u00e9utico de Sonido Nivel de Entrada para Heilpraktiker (Terapia Psicol\u00f3gica)<\/a><\/li>\n\t<li class=\"page_item page-item-11066\"><a href=\"https:\/\/peter-hess-institute.com\/es\/klangtherapeutischer-begleiterin\/fuer-psychologen-psychotherapeuten-und-heilpraktiker-fuer-psychotherapie-schwerpunkt-erwachsene\/\">Acompa\u00f1ante terap\u00e9utico de sonido para psiquiatras y psic\u00f3logos<\/a><\/li>\n<\/ul>\n<\/li>\n<li class=\"page_item page-item-4020\"><a href=\"https:\/\/peter-hess-institute.com\/es\/klangtherapie\/\">Terapia de sonido<\/a><\/li>\n<li class=\"page_item page-item-59842\"><a href=\"https:\/\/peter-hess-institute.com\/es\/klangtransformation-mein-leben-aktiv-gestalten\/\">Transformaci\u00f3n del Sonido \u2013 Dar forma activa a mi vida<\/a><\/li>\n<li class=\"page_item page-item-20170\"><a href=\"https:\/\/peter-hess-institute.com\/es\/klangtransformation-taeglich-kurze-klanganwendungen-fuer-ein-gesundes-und-gutes-leben\/\">Transformaci\u00f3n del Sonido \u2013 Breves aplicaciones sonoras diarias para una vida sana y plena (Seminario en l\u00ednea)<\/a><\/li>\n<li class=\"page_item page-item-68173\"><a href=\"https:\/\/peter-hess-institute.com\/es\/klangtransformation-audio-02\/\">Transformaci\u00f3n de sonido: Muestra del \u00e1lbum Adhvanika<\/a><\/li>\n<li class=\"page_item page-item-52724\"><a href=\"https:\/\/peter-hess-institute.com\/es\/online-seminare-klangyoga\/\">Klangyoga (Nuevo)<\/a><\/li>\n<li class=\"page_item page-item-4781\"><a href=\"https:\/\/peter-hess-institute.com\/es\/klangyoga-filme\/\">Pel\u00edcula de Klangyoga<\/a><\/li>\n<li class=\"page_item page-item-10506\"><a href=\"https:\/\/peter-hess-institute.com\/es\/klangyoga-startseite-2\/\">P\u00e1gina principal de Klangyoga<\/a><\/li>\n<li class=\"page_item page-item-4779\"><a href=\"https:\/\/peter-hess-institute.com\/es\/klangyoga-team\/\">Equipo Klangyoga<\/a><\/li>\n<li class=\"page_item page-item-45954\"><a href=\"https:\/\/peter-hess-institute.com\/es\/klik1-online-seminar-english\/\">KliK\u00ae 1 \u201cCuencos Tibetanos \u2013 Tocando y Aprendiendo con todos tus Sentidos\u201d<\/a><\/li>\n<li class=\"page_item page-item-48743\"><a href=\"https:\/\/peter-hess-institute.com\/es\/klik-online-seminar-sound-massage-with-children\/\">KliK\u00ae Seminario en l\u00ednea Masaje sonoro con ni\u00f1os<\/a><\/li>\n<li class=\"page_item page-item-4031\"><a href=\"https:\/\/peter-hess-institute.com\/es\/kontakt-2\/\">Contacto Instituto Peter Hess<\/a><\/li>\n<li class=\"page_item page-item-57118\"><a href=\"https:\/\/peter-hess-institute.com\/es\/online-events\/\">Eventos en l\u00ednea gratuitos<\/a><\/li>\n<li class=\"page_item page-item-25924\"><a href=\"https:\/\/peter-hess-institute.com\/es\/leitungsteam\/\">Equipo directivo<\/a><\/li>\n<li class=\"page_item page-item-60996\"><a href=\"https:\/\/peter-hess-institute.com\/es\/mit-klang-bewusstseinsraeume-erfahren-und-gestalten-glueck-und-lebensfreude\/\">Experimentar y dar forma a espacios de conciencia con sonido - Felicidad y alegr\u00eda de vivir<\/a><\/li>\n<li class=\"page_item page-item-48581\"><a href=\"https:\/\/peter-hess-institute.com\/es\/mit-klang-den-achtsamen-geist-kultivieren\/\">Cultivando la mente consciente con sonido, seminario en l\u00ednea<\/a><\/li>\n<li class=\"page_item page-item-7811\"><a href=\"https:\/\/peter-hess-institute.com\/es\/mit-klangmassage-das-gesunde-foerdern\/\">Fomentar la salud con masajes sonoros<\/a><\/li>\n<li class=\"page_item page-item-7813\"><a href=\"https:\/\/peter-hess-institute.com\/es\/mit-klangmassage-und-gong-die-selbstheilungskraefte-unterstuetzen\/\">Apoyar las fuerzas de autocuraci\u00f3n con masaje sonoro y gong<\/a><\/li>\n<li class=\"page_item page-item-75188\"><a href=\"https:\/\/peter-hess-institute.com\/es\/monocord-workshop\/\">Taller de monocordio, exclusivo para profesionales de masajes sonoros<\/a><\/li>\n<li class=\"page_item page-item-233\"><a href=\"https:\/\/peter-hess-institute.com\/es\/my-account\/\">Mi cuenta<\/a><\/li>\n<li class=\"page_item page-item-72970\"><a href=\"https:\/\/peter-hess-institute.com\/es\/nicole-herkert\/\">Nicole Herkert<\/a><\/li>\n<li class=\"page_item page-item-76364\"><a href=\"https:\/\/peter-hess-institute.com\/es\/office-team\/\">Equipo de oficina<\/a><\/li>\n<li class=\"page_item page-item-41425\"><a href=\"https:\/\/peter-hess-institute.com\/es\/online-seminar-entpannen-mit-klangschalen\/\">Taller en l\u00ednea: Relajarse con cuencos tibetanos (5 h)<\/a><\/li>\n<li class=\"page_item page-item-57074\"><a href=\"https:\/\/peter-hess-institute.com\/es\/online-klangabende\/\">Veladas de sonido en l\u00ednea<\/a><\/li>\n<li class=\"page_item page-item-41969\"><a href=\"https:\/\/peter-hess-institute.com\/es\/online-seminar-emily-hess-klangyoga-schwangerschaft\/\">Seminario en l\u00ednea: Emily Hess\u00ae-Klangyoga \u2013 Experimenta tu embarazo m\u00e1s f\u00e1cilmente con un cuenco sonoro (6 horas)<\/a><\/li>\n<li class=\"page_item page-item-41696\"><a href=\"https:\/\/peter-hess-institute.com\/es\/online-seminar-emily-hess-yogasound\/\">Seminario en l\u00ednea: Emily Hess\u00ae-Soundyoga<\/a><\/li>\n<li class=\"page_item page-item-48836\"><a href=\"https:\/\/peter-hess-institute.com\/es\/online-seminare\/\">Seminarios en l\u00ednea y fechas<\/a><\/li>\n<li class=\"page_item page-item-52482\"><a href=\"https:\/\/peter-hess-institute.com\/es\/online-seminars\/\">Seminarios en l\u00ednea<\/a><\/li>\n<li class=\"page_item page-item-13503\"><a href=\"https:\/\/peter-hess-institute.com\/es\/overview-sound-massage\/\">Visi\u00f3n general Masaje sonoro<\/a><\/li>\n<li class=\"page_item page-item-73636\"><a href=\"https:\/\/peter-hess-institute.com\/es\/peter-gabis\/\">Peter Gabis<\/a><\/li>\n<li class=\"page_item page-item-73228\"><a href=\"https:\/\/peter-hess-institute.com\/es\/peter-hess\/\">Peter Hess<\/a><\/li>\n<li class=\"page_item page-item-9265 page_item_has_children\"><a href=\"https:\/\/peter-hess-institute.com\/es\/phi-seminarhaus-schweringen\/\">Peter Hess Institut das Seminarhaus Schweringen<\/a>\n<ul class='children'>\n\t<li class=\"page_item page-item-9325\"><a href=\"https:\/\/peter-hess-institute.com\/es\/phi-seminarhaus-schweringen\/anfahrt\/\">Acceso<\/a><\/li>\n\t<li class=\"page_item page-item-9323\"><a href=\"https:\/\/peter-hess-institute.com\/es\/phi-seminarhaus-schweringen\/kontakt\/\">Kontakt<\/a><\/li>\n\t<li class=\"page_item page-item-9278\"><a href=\"https:\/\/peter-hess-institute.com\/es\/phi-seminarhaus-schweringen\/vita-peter-hess\/\">Peter Hess<\/a><\/li>\n\t<li class=\"page_item page-item-9689\"><a href=\"https:\/\/peter-hess-institute.com\/es\/phi-seminarhaus-schweringen\/das-peter-hess-zentrum\/\">Peter Hess Institut das Seminarhaus Schweringen<\/a><\/li>\n\t<li class=\"page_item page-item-76792\"><a href=\"https:\/\/peter-hess-institute.com\/es\/phi-seminarhaus-schweringen\/uebernachtungsmoeglichkeiten\/\">Seminarhaus Schweringen \u2013 Opciones de alojamiento<\/a><\/li>\n\t<li class=\"page_item page-item-9321\"><a href=\"https:\/\/peter-hess-institute.com\/es\/phi-seminarhaus-schweringen\/zimmerbuchung\/\">Zimmerbuchung<\/a><\/li>\n<\/ul>\n<\/li>\n<li class=\"page_item page-item-73731\"><a href=\"https:\/\/peter-hess-institute.com\/es\/peter-hess-academies\/\">Academias Peter Hess<\/a><\/li>\n<li class=\"page_item page-item-10314\"><a href=\"https:\/\/peter-hess-institute.com\/es\/regional\/\">Instituto Regional Peter Hess\u00ae<\/a><\/li>\n<li class=\"page_item page-item-35833 page_item_has_children\"><a href=\"https:\/\/peter-hess-institute.com\/es\/seminarhouse-landsteiner-muehle-taunus\/\">Peter Hess\u00ae Seminarhouse Landsteiner M\u00fchle<\/a>\n<ul class='children'>\n\t<li class=\"page_item page-item-35837\"><a href=\"https:\/\/peter-hess-institute.com\/es\/seminarhouse-landsteiner-muehle-taunus\/seminarhaus-landsteiner-muehle-das-seminarhaus\/\">Seminarhaus Landsteiner M\u00fchle \u2013 La Casa de Seminarios<\/a><\/li>\n\t<li class=\"page_item page-item-35841\"><a href=\"https:\/\/peter-hess-institute.com\/es\/seminarhouse-landsteiner-muehle-taunus\/seminarhaus-landsteiner-muehle-informationen-fuer-teilnehmer\/\">Seminarhaus Landsteiner M\u00fchle \u2013 Informaci\u00f3n para participantes<\/a><\/li>\n\t<li class=\"page_item page-item-35124\"><a href=\"https:\/\/peter-hess-institute.com\/es\/seminarhouse-landsteiner-muehle-taunus\/seminarhaus-landsteiner-muehle-peter-hess-shop\/\">Seminarhaus Landsteiner M\u00fchle \u2013 Cuencos Tibetanos \u2013 Tienda<\/a><\/li>\n\t<li class=\"page_item page-item-35849\"><a href=\"https:\/\/peter-hess-institute.com\/es\/seminarhouse-landsteiner-muehle-taunus\/seminarhaus-landsteiner-muehle-kontakt\/\">Seminarhaus Landsteiner M\u00fchle \u2013 Contacto<\/a><\/li>\n\t<li class=\"page_item page-item-35140\"><a href=\"https:\/\/peter-hess-institute.com\/es\/seminarhouse-landsteiner-muehle-taunus\/seminarhaus-landsteiner-muehle-lage-und-anfahrt\/\">Seminarhaus Landsteiner M\u00fchle - Lage und Anfahrt<\/a><\/li>\n\t<li class=\"page_item page-item-35852\"><a href=\"https:\/\/peter-hess-institute.com\/es\/seminarhouse-landsteiner-muehle-taunus\/seminarhaus-landsteiner-muehle-seminarverpflegung\/\">Seminarhaus Landsteiner M\u00fchle \u2013 Comidas para seminarios<\/a><\/li>\n\t<li class=\"page_item page-item-35137\"><a href=\"https:\/\/peter-hess-institute.com\/es\/seminarhouse-landsteiner-muehle-taunus\/seminarhaus-landsteiner-muehle-zimmerbuchung\/\">Seminarhaus Landsteiner M\u00fchle \u2013 Reserva de habitaciones<\/a><\/li>\n\t<li class=\"page_item page-item-36634\"><a href=\"https:\/\/peter-hess-institute.com\/es\/seminarhouse-landsteiner-muehle-taunus\/seminarhaus-schweringen-peter-hess-shop-2\/\">Seminarhaus Schweringen \u2013 Tienda Peter Hess<\/a><\/li>\n<\/ul>\n<\/li>\n<li class=\"page_item page-item-54101\"><a href=\"https:\/\/peter-hess-institute.com\/es\/peter-hess-wellness-klangmassage-abschluss\/\">Masaje sonoro de bienestar Peter Hess\u00ae (conclusi\u00f3n)<\/a><\/li>\n<li class=\"page_item page-item-45677\"><a href=\"https:\/\/peter-hess-institute.com\/es\/peter-hess-wellness-klangmassage-tagesseminar\/\">Masaje Sonoro de Bienestar Peter Hess\u00ae (Seminario de un d\u00eda)<\/a><\/li>\n<li class=\"page_item page-item-23373\"><a href=\"https:\/\/peter-hess-institute.com\/es\/peter-hess-gongmaster\/\">Peter Hess\u00ae-Gongmaster<\/a><\/li>\n<li class=\"page_item page-item-75203\"><a href=\"https:\/\/peter-hess-institute.com\/es\/peter-hess-klangmassagepraktiker-2\/\">Practicante de masajes sonoros Peter Hess\u00ae<\/a><\/li>\n<li class=\"page_item page-item-5060\"><a href=\"https:\/\/peter-hess-institute.com\/es\/peter-hess-klangmassagepraktiker\/\">Practicante de masajes sonoros Peter Hess\u00ae<\/a><\/li>\n<li class=\"page_item page-item-11027\"><a href=\"https:\/\/peter-hess-institute.com\/es\/peter-hess-klangtherapeutin\/\">Terapeuta de sonido Peter Hess\u00ae\/Terapista de sonido Peter Hess\u00ae<\/a><\/li>\n<li class=\"page_item page-item-11073\"><a href=\"https:\/\/peter-hess-institute.com\/es\/seminare-klangtherapie-2\/\">Peter Hess\u00ae-Terapia de Sonido<\/a><\/li>\n<li class=\"page_item page-item-3930\"><a href=\"https:\/\/peter-hess-institute.com\/es\/peter-hess-klangmassage\/\">PETER HESS<sup>\u00ae<\/sup> Masaje sonoro<\/a><\/li>\n<li class=\"page_item page-item-75205\"><a href=\"https:\/\/peter-hess-institute.com\/es\/peter-hess-klangmassage-2\/\">PETER HESS<sup>\u00ae<\/sup> Masaje sonoro<\/a><\/li>\n<li class=\"page_item page-item-73323\"><a href=\"https:\/\/peter-hess-institute.com\/es\/pha-australia\/\">PHA-Australia<\/a><\/li>\n<li class=\"page_item page-item-73331\"><a href=\"https:\/\/peter-hess-institute.com\/es\/pha-austria\/\">PHA-Austria<\/a><\/li>\n<li class=\"page_item page-item-73336\"><a href=\"https:\/\/peter-hess-institute.com\/es\/pha-brazil\/\">PHA-Brasil<\/a><\/li>\n<li class=\"page_item page-item-73338\"><a href=\"https:\/\/peter-hess-institute.com\/es\/pha-canada\/\">PHA-Canad\u00e1<\/a><\/li>\n<li class=\"page_item page-item-73340\"><a href=\"https:\/\/peter-hess-institute.com\/es\/pha-croatia\/\">PHA-Croacia<\/a><\/li>\n<li class=\"page_item page-item-73344\"><a href=\"https:\/\/peter-hess-institute.com\/es\/pha-czech-republic\/\">PHA-Rep\u00fablica Checa<\/a><\/li>\n<li class=\"page_item page-item-73346\"><a href=\"https:\/\/peter-hess-institute.com\/es\/pha-denmark-2\/\">PHA-Dinamarca<\/a><\/li>\n<li class=\"page_item page-item-73351\"><a href=\"https:\/\/peter-hess-institute.com\/es\/pha-finland\/\">PHA-Finlandia<\/a><\/li>\n<li class=\"page_item page-item-73334\"><a href=\"https:\/\/peter-hess-institute.com\/es\/pha-france\/\">PHA-Francia<\/a><\/li>\n<li class=\"page_item page-item-78880\"><a href=\"https:\/\/peter-hess-institute.com\/es\/pha-germany\/\">PHA-Alemania<\/a><\/li>\n<li class=\"page_item page-item-73353\"><a href=\"https:\/\/peter-hess-institute.com\/es\/pha-greece\/\">PHA-Grecia<\/a><\/li>\n<li class=\"page_item page-item-73355\"><a href=\"https:\/\/peter-hess-institute.com\/es\/pha-guatemala\/\">PHA-Guatemala<\/a><\/li>\n<li class=\"page_item page-item-73359\"><a href=\"https:\/\/peter-hess-institute.com\/es\/pha-hungary\/\">PHA-Hungr\u00eda<\/a><\/li>\n<li class=\"page_item page-item-73361\"><a href=\"https:\/\/peter-hess-institute.com\/es\/pha-india\/\">PHA-India<\/a><\/li>\n<li class=\"page_item page-item-73364\"><a href=\"https:\/\/peter-hess-institute.com\/es\/pha-italy\/\">PHA-Italia<\/a><\/li>\n<li class=\"page_item page-item-73366\"><a href=\"https:\/\/peter-hess-institute.com\/es\/pha-lithuania\/\">PHA-Lituania<\/a><\/li>\n<li class=\"page_item page-item-73374\"><a href=\"https:\/\/peter-hess-institute.com\/es\/pha-nepal\/\">PHA-Nepal<\/a><\/li>\n<li class=\"page_item page-item-73368\"><a href=\"https:\/\/peter-hess-institute.com\/es\/pha-netherlands\/\">PHA-Pa\u00edses Bajos<\/a><\/li>\n<li class=\"page_item page-item-73370\"><a href=\"https:\/\/peter-hess-institute.com\/es\/pha-norway\/\">PHA-Noruega<\/a><\/li>\n<li class=\"page_item page-item-73376\"><a href=\"https:\/\/peter-hess-institute.com\/es\/pha-poland\/\">PHA-Polonia<\/a><\/li>\n<li class=\"page_item page-item-73378\"><a href=\"https:\/\/peter-hess-institute.com\/es\/pha-portugal\/\">PHA-Portugal<\/a><\/li>\n<li class=\"page_item page-item-72784\"><a href=\"https:\/\/peter-hess-institute.com\/es\/pha-romania\/\">PHA-Ruman\u00eda<\/a><\/li>\n<li class=\"page_item page-item-73380\"><a href=\"https:\/\/peter-hess-institute.com\/es\/pha-slovakia\/\">PHA-Eslovaquia<\/a><\/li>\n<li class=\"page_item page-item-73382\"><a href=\"https:\/\/peter-hess-institute.com\/es\/pha-south-korea\/\">PHA-Corea del Sur<\/a><\/li>\n<li class=\"page_item page-item-73384\"><a href=\"https:\/\/peter-hess-institute.com\/es\/pha-spain\/\">PHA-Espa\u00f1a<\/a><\/li>\n<li class=\"page_item page-item-73386\"><a href=\"https:\/\/peter-hess-institute.com\/es\/pha-sweden\/\">PHA-Suecia<\/a><\/li>\n<li class=\"page_item page-item-73388\"><a href=\"https:\/\/peter-hess-institute.com\/es\/pha-switzerland\/\">PHA-Suiza<\/a><\/li>\n<li class=\"page_item page-item-73390\"><a href=\"https:\/\/peter-hess-institute.com\/es\/pha-turkey\/\">PHA-Turqu\u00eda<\/a><\/li>\n<li class=\"page_item page-item-73395\"><a href=\"https:\/\/peter-hess-institute.com\/es\/pha-united-kingdom\/\">PHA-Reino Unido<\/a><\/li>\n<li class=\"page_item page-item-73393\"><a href=\"https:\/\/peter-hess-institute.com\/es\/pha-usa\/\">PHA-USA<\/a><\/li>\n<li class=\"page_item page-item-1162 current_page_parent\"><a href=\"https:\/\/peter-hess-institute.com\/es\/aktuelles\/\">Blog de PHI<\/a><\/li>\n<li class=\"page_item page-item-3188 page_item_has_children\"><a href=\"https:\/\/peter-hess-institute.com\/es\/nord\/\">PHI Nord<\/a>\n<ul class='children'>\n\t<li class=\"page_item page-item-35263\"><a href=\"https:\/\/peter-hess-institute.com\/es\/nord\/klang-und-seminarangebote-in-der-landsteiner-muehle\/\">Seminarhaus Landsteiner M\u00fchle \u2013 Informaci\u00f3n para los participantes<\/a><\/li>\n\t<li class=\"page_item page-item-35293\"><a href=\"https:\/\/peter-hess-institute.com\/es\/nord\/klang-und-seminarangebote-in-der-landsteiner-muehle-2\/\">Seminarhaus Landsteiner M\u00fchle \u2013 Ofertas de sonido y seminarios en Landsteiner M\u00fchle<\/a><\/li>\n\t<li class=\"page_item page-item-35305\"><a href=\"https:\/\/peter-hess-institute.com\/es\/nord\/lage-und-anfahrt\/\">Seminarhaus Landsteiner M\u00fchle - Lage und Anfahrt<\/a><\/li>\n\t<li class=\"page_item page-item-32933\"><a href=\"https:\/\/peter-hess-institute.com\/es\/nord\/klangmassage-methoden-2\/\">Seminarhaus Landsteiner M\u00fchle \u2013 Tienda Peter Hess<\/a><\/li>\n<\/ul>\n<\/li>\n<li class=\"page_item page-item-3479 page_item_has_children\"><a href=\"https:\/\/peter-hess-institute.com\/es\/nrw\/\">PHI NRW<\/a>\n<ul class='children'>\n\t<li class=\"page_item page-item-3492\"><a href=\"https:\/\/peter-hess-institute.com\/es\/nrw\/phi-nrw\/\">PHI NRW<\/a><\/li>\n<\/ul>\n<\/li>\n<li class=\"page_item page-item-3530\"><a href=\"https:\/\/peter-hess-institute.com\/es\/rhein-main-neckar\/\">Regi\u00f3n PHI Hessen<\/a><\/li>\n<li class=\"page_item page-item-77945\"><a href=\"https:\/\/peter-hess-institute.com\/es\/region-mitte\/\">Regi\u00f3n del Centro de la FCI<\/a><\/li>\n<li class=\"page_item page-item-77957\"><a href=\"https:\/\/peter-hess-institute.com\/es\/region-mitte-ausbildungkm\/\">Regi\u00f3n PHI Centro Masajes Sonoros de Formaci\u00f3n<\/a><\/li>\n<li class=\"page_item page-item-77948\"><a href=\"https:\/\/peter-hess-institute.com\/es\/region-mitte-seminare\/\">Seminarios de la Regi\u00f3n Mitte de PHI<\/a><\/li>\n<li class=\"page_item page-item-77950\"><a href=\"https:\/\/peter-hess-institute.com\/es\/region-mitte-team\/\">Equipo de la Regi\u00f3n PHI Mitte<\/a><\/li>\n<li class=\"page_item page-item-77917\"><a href=\"https:\/\/peter-hess-institute.com\/es\/region-norden\/\">Regi\u00f3n N\u00f3rdica PHI<\/a><\/li>\n<li class=\"page_item page-item-77940\"><a href=\"https:\/\/peter-hess-institute.com\/es\/region-norden-seminare\/\">PHI Region Norden Seminarios<\/a><\/li>\n<li class=\"page_item page-item-77922\"><a href=\"https:\/\/peter-hess-institute.com\/es\/region-norden-team\/\">Equipo Regi\u00f3n N\u00f3rdica de PHI<\/a><\/li>\n<li class=\"page_item page-item-77982\"><a href=\"https:\/\/peter-hess-institute.com\/es\/region-osten\/\">Regi\u00f3n PHI Osten<\/a><\/li>\n<li class=\"page_item page-item-77986\"><a href=\"https:\/\/peter-hess-institute.com\/es\/region-osten-seminare\/\">PHI Regi\u00f3n Osten Seminarios<\/a><\/li>\n<li class=\"page_item page-item-77989\"><a href=\"https:\/\/peter-hess-institute.com\/es\/region-osten-team\/\">Regi\u00f3n PHI Equipo Osten<\/a><\/li>\n<li class=\"page_item page-item-77992\"><a href=\"https:\/\/peter-hess-institute.com\/es\/region-sueden\/\">Regi\u00f3n Sur del PHI<\/a><\/li>\n<li class=\"page_item page-item-78009\"><a href=\"https:\/\/peter-hess-institute.com\/es\/region-sueden-seminare\/\">Regi\u00f3n Sur de PHI Seminarios<\/a><\/li>\n<li class=\"page_item page-item-77995\"><a href=\"https:\/\/peter-hess-institute.com\/es\/region-sueden-team\/\">Regi\u00f3n Sur del Equipo PHI<\/a><\/li>\n<li class=\"page_item page-item-78012\"><a href=\"https:\/\/peter-hess-institute.com\/es\/region-westen\/\">Regi\u00f3n PHI Oeste<\/a><\/li>\n<li class=\"page_item page-item-78022\"><a href=\"https:\/\/peter-hess-institute.com\/es\/region-westen-seminare\/\">Regi\u00f3n PHI Seminario Oeste<\/a><\/li>\n<li class=\"page_item page-item-78016\"><a href=\"https:\/\/peter-hess-institute.com\/es\/region-westen-team\/\">Regi\u00f3n del Pac\u00edfico Oeste de PHI<\/a><\/li>\n<li class=\"page_item page-item-3586\"><a href=\"https:\/\/peter-hess-institute.com\/es\/sachsen\/\">PHI Sajonia \/ Sajonia-Anhalt<\/a><\/li>\n<li class=\"page_item page-item-11358\"><a href=\"https:\/\/peter-hess-institute.com\/es\/presse-texte\/\">Prensa\/Texto<\/a><\/li>\n<li class=\"page_item page-item-7108\"><a href=\"https:\/\/peter-hess-institute.com\/es\/pressematerial\/\">Material de prensa<\/a><\/li>\n<li class=\"page_item page-item-7033\"><a href=\"https:\/\/peter-hess-institute.com\/es\/schwangerschaft-begleiten-mit-klang\/\">Acompa\u00f1ar el embarazo con sonido<\/a><\/li>\n<li class=\"page_item page-item-43642\"><a href=\"https:\/\/peter-hess-institute.com\/es\/seminar-calendar\/\">Calendario de seminarios<\/a><\/li>\n<li class=\"page_item page-item-20897\"><a href=\"https:\/\/peter-hess-institute.com\/es\/seminar-praxismanagement-erfolgreich-selbststaendig-mit-den-peter-hess-klangmethoden\/\">Seminario Praxismanagement \u2013 \u00c9xito independiente con los m\u00e9todos de sonido Peter Hess\u00ae<\/a><\/li>\n<li class=\"page_item page-item-74984\"><a href=\"https:\/\/peter-hess-institute.com\/es\/seminar-categories\/\">Seminario-Categor\u00edas<\/a><\/li>\n<li class=\"page_item page-item-7062 page_item_has_children\"><a href=\"https:\/\/peter-hess-institute.com\/es\/seminarbuchung\/\">Reserva de seminario<\/a>\n<ul class='children'>\n\t<li class=\"page_item page-item-34648\"><a href=\"https:\/\/peter-hess-institute.com\/es\/seminarbuchung\/seminarsuche\/\">B\u00fasqueda de seminarios<\/a><\/li>\n<\/ul>\n<\/li>\n<li class=\"page_item page-item-52740\"><a href=\"https:\/\/peter-hess-institute.com\/es\/online-seminare-a-z\/\">Seminarios A-Z<\/a><\/li>\n<li class=\"page_item page-item-10129\"><a href=\"https:\/\/peter-hess-institute.com\/es\/seminare-emily-hess-klangyoga\/\">Seminare Emily Hess<sup>\u00ae<\/sup>Klangyoga<\/a><\/li>\n<li class=\"page_item page-item-5132\"><a href=\"https:\/\/peter-hess-institute.com\/es\/seminare-entspannung-wellness\/\">Seminarios de Relajaci\u00f3n y Bienestar<\/a><\/li>\n<li class=\"page_item page-item-46985\"><a href=\"https:\/\/peter-hess-institute.com\/es\/seminare-auf-ikaria\/\">Seminario en Grecia<\/a><\/li>\n<li class=\"page_item page-item-5129\"><a href=\"https:\/\/peter-hess-institute.com\/es\/seminare-klangpaedagogik\/\">Seminario de Pedagog\u00eda del Sonido<\/a><\/li>\n<li class=\"page_item page-item-5135\"><a href=\"https:\/\/peter-hess-institute.com\/es\/seminare-klangyoga\/\">Seminario de Yoga del Sonido<\/a><\/li>\n<li class=\"page_item page-item-5052\"><a href=\"https:\/\/peter-hess-institute.com\/es\/seminare-lebensbegleitung\/\">Acompa\u00f1amiento vital semipresencial<\/a><\/li>\n<li class=\"page_item page-item-20936\"><a href=\"https:\/\/peter-hess-institute.com\/es\/seminare-mit-peter-hess\/\">Seminarios con Peter Hess<\/a><\/li>\n<li class=\"page_item page-item-76040\"><a href=\"https:\/\/peter-hess-institute.com\/es\/fachseminare-von-a-bis-z-2\/\">Seminarios y fechas<\/a><\/li>\n<li class=\"page_item page-item-76039\"><a href=\"https:\/\/peter-hess-institute.com\/es\/fachseminare-von-a-bis-z_neu\/\">Seminarios y Fechas_NUEVO<\/a><\/li>\n<li class=\"page_item page-item-4522\"><a href=\"https:\/\/peter-hess-institute.com\/es\/seminare-weiterbildung\/\">Seminarios de formaci\u00f3n continua<\/a><\/li>\n<li class=\"page_item page-item-10714 page_item_has_children\"><a href=\"https:\/\/peter-hess-institute.com\/es\/seminarunterlagen\/\">Seminarunterlagen<\/a>\n<ul class='children'>\n\t<li class=\"page_item page-item-14617\"><a href=\"https:\/\/peter-hess-institute.com\/es\/seminarunterlagen\/abschlussseminar-klangmassage\/\">Seminario final de masaje sonoro<\/a><\/li>\n\t<li class=\"page_item page-item-14614\"><a href=\"https:\/\/peter-hess-institute.com\/es\/seminarunterlagen\/klangmassage-i\/\">Graduados Masaje Sonoro I<\/a><\/li>\n\t<li class=\"page_item page-item-11363\"><a href=\"https:\/\/peter-hess-institute.com\/es\/seminarunterlagen\/bildmaterial\/\">Material gr\u00e1fico<\/a><\/li>\n<\/ul>\n<\/li>\n<li class=\"page_item page-item-6698\"><a href=\"https:\/\/peter-hess-institute.com\/es\/sitemap\/\">Mapa del sitio<\/a><\/li>\n<li class=\"page_item page-item-4698\"><a href=\"https:\/\/peter-hess-institute.com\/es\/sound-enhanced-imagery-journey-i\/\">Viaje de Im\u00e1genes Mejorado por Sonido I<\/a><\/li>\n<li class=\"page_item page-item-5142\"><a href=\"https:\/\/peter-hess-institute.com\/es\/sound-massage-i\/\">Masaje Sonoro I<\/a><\/li>\n<li class=\"page_item page-item-48745\"><a href=\"https:\/\/peter-hess-institute.com\/es\/sound-massage-level-1-online-seminar\/\">Seminario en L\u00ednea de Masaje Sonoro Nivel 1<\/a><\/li>\n<li class=\"page_item page-item-41333\"><a href=\"https:\/\/peter-hess-institute.com\/es\/sound-methods\/\">M\u00e9todos de Sonido<\/a><\/li>\n<li class=\"page_item page-item-71284\"><a href=\"https:\/\/peter-hess-institute.com\/es\/sound-transformation\/\">Transformaci\u00f3n del sonido - Curso de 7 semanas<\/a><\/li>\n<li class=\"page_item page-item-77344\"><a href=\"https:\/\/peter-hess-institute.com\/es\/sound-tv\/\">TV con sonido<\/a><\/li>\n<li class=\"page_item page-item-78293\"><a href=\"https:\/\/peter-hess-institute.com\/es\/standort\/\">Ubicaci\u00f3n<\/a><\/li>\n<li class=\"page_item page-item-78292\"><a href=\"https:\/\/peter-hess-institute.com\/es\/suche\/\">P\u00e1gina de resultados de b\u00fasqueda<\/a><\/li>\n<li class=\"page_item page-item-5030\"><a href=\"https:\/\/peter-hess-institute.com\/es\/supervision-fuer-weiterbildungen\/\">Supervisi\u00f3n de los m\u00e9todos de sonido Peter Hess\u00ae \u2013 En l\u00ednea (para todas las certificaciones)<\/a><\/li>\n<li class=\"page_item page-item-3799\"><a href=\"https:\/\/peter-hess-institute.com\/es\/training-team\/\">Equipo de formaci\u00f3n<\/a><\/li>\n<li class=\"page_item page-item-7590\"><a href=\"https:\/\/peter-hess-institute.com\/es\/urlaubskurse\/\">Cursos vacacionales<\/a><\/li>\n<li class=\"page_item page-item-5026\"><a href=\"https:\/\/peter-hess-institute.com\/es\/urvertrauen-klangdialog\/\">Confianza primordial \u2013 Di\u00e1logo sonoro<\/a><\/li>\n<li class=\"page_item page-item-15424\"><a href=\"https:\/\/peter-hess-institute.com\/es\/warum-sollten-sie-sich-als-kunde-fuer-die-peter-hess-klangmassage-entscheiden-2\/\">\u00bfPor qu\u00e9 deber\u00eda un cliente elegir el masaje sonoro Peter Hess\u00ae?<\/a><\/li>\n<li class=\"page_item page-item-52663\"><a href=\"https:\/\/peter-hess-institute.com\/es\/online-weiterbildungen\/\">Seminarios de capacitaci\u00f3n continua<\/a><\/li>\n<li class=\"page_item page-item-46343\"><a href=\"https:\/\/peter-hess-institute.com\/es\/wichtiges-zu-unseren-seminaren\/\">Informaci\u00f3n importante sobre nuestros seminarios<\/a><\/li>\n<li class=\"page_item page-item-4007\"><a href=\"https:\/\/peter-hess-institute.com\/es\/widerrufsbelehrung\/\">Derecho de desistimiento<\/a><\/li>\n<li class=\"page_item page-item-6960\"><a href=\"https:\/\/peter-hess-institute.com\/es\/workshops-kennenlernkurse\/\">Taller: Entspannen mit Klangschalen<\/a><\/li>\n<li class=\"page_item page-item-25013\"><a href=\"https:\/\/peter-hess-institute.com\/es\/workshops-entspannen-mit-klangschalen\/\">Taller: Entspannen mit Klangschalen<\/a><\/li>\n<li class=\"page_item page-item-5088\"><a href=\"https:\/\/peter-hess-institute.com\/es\/klangschalen-mit-allen-sinnen-spielen-und-lernen\/\">Taller: Cuencos tibetanos \u2013 jugar y aprender con todos los sentidos<\/a><\/li>\n<li class=\"page_item page-item-57440\"><a href=\"https:\/\/peter-hess-institute.com\/es\/workshop-klangtransformation\/\">Taller: Transformaci\u00f3n del Sonido<\/a><\/li>\n<li class=\"page_item page-item-77496\"><a href=\"https:\/\/peter-hess-institute.com\/es\/workshopleiter-training-klangtransformation-mein-leben-aktiv-gestalten\/\">Formaci\u00f3n para directores de talleres: Transformaci\u00f3n del sonido \u2013 Dar forma activa a mi vida<\/a><\/li>\n<li class=\"page_item page-item-6956\"><a href=\"https:\/\/peter-hess-institute.com\/es\/workshops\/\">Talleres y seminarios sobre bienestar<\/a><\/li>\n<li class=\"page_item page-item-52331\"><a href=\"https:\/\/peter-hess-institute.com\/es\/yoga-sound-massage\/\">Masaje sonoro de yoga<\/a><\/li>\n<li class=\"page_item page-item-10719\"><a href=\"https:\/\/peter-hess-institute.com\/es\/mediathek\/seminarunterlagen-absolventen\/\">Botones y logotipos de enlace<\/a><\/li>\n<li class=\"page_item page-item-7322\"><a href=\"https:\/\/peter-hess-institute.com\/es\/mediathek\/pressetexte-2\/\">Textos de prensa<\/a><\/li>\n<\/ul>\n\n\t\t<\/div>\n\t<\/div>\n<\/div><\/div><\/div><\/div><div class=\"vc_row wpb_row vc_row-fluid\"><div class=\"wpb_column vc_column_container vc_col-sm-12\"><div class=\"vc_column-inner\"><div class=\"wpb_wrapper\"><div class=\"vc_empty_space\"   style=\"height: 32px\"><span class=\"vc_empty_space_inner\"><\/span><\/div><div class=\"vc_empty_space\"   style=\"height: 32px\"><span class=\"vc_empty_space_inner\"><\/span><\/div><\/div><\/div><\/div><\/div>","protected":false},"excerpt":{"rendered":"Sitemap Abschlussseminar mit Supervision Basisausbildung Academic Qualifications Advanced Training Team Alle Termine Klangyoga Allgemeine Gesch\u00e4ftsbedingungen (AGB) Anmeldung Newsletter Mailchimp Aufbau von Projekten \u2013 Das R\u00e4tsel \u201eProjekt\u201c l\u00f6sen! Ein Coachingseminar f\u00fcr Dich! Ausbilder Details Ausbilder Suchergebnisse Ausbilder \u00dcbersicht Ausbildung zum Emily<span class=\"excerpt-hellip\"> [\u2026]<\/span>","protected":false},"author":1,"featured_media":0,"parent":0,"menu_order":0,"comment_status":"closed","ping_status":"closed","template":"","meta":{"footnotes":""},"acf":[],"_links":{"self":[{"href":"https:\/\/peter-hess-institute.com\/es\/wp-json\/wp\/v2\/pages\/6698"}],"collection":[{"href":"https:\/\/peter-hess-institute.com\/es\/wp-json\/wp\/v2\/pages"}],"about":[{"href":"https:\/\/peter-hess-institute.com\/es\/wp-json\/wp\/v2\/types\/page"}],"author":[{"embeddable":true,"href":"https:\/\/peter-hess-institute.com\/es\/wp-json\/wp\/v2\/users\/1"}],"replies":[{"embeddable":true,"href":"https:\/\/peter-hess-institute.com\/es\/wp-json\/wp\/v2\/comments?post=6698"}],"version-history":[{"count":0,"href":"https:\/\/peter-hess-institute.com\/es\/wp-json\/wp\/v2\/pages\/6698\/revisions"}],"wp:attachment":[{"href":"https:\/\/peter-hess-institute.com\/es\/wp-json\/wp\/v2\/media?parent=6698"}],"curies":[{"name":"wp","href":"https:\/\/api.w.org\/{rel}","templated":true}]}}