{"id":76364,"date":"2025-01-14T08:50:34","date_gmt":"2025-01-14T07:50:34","guid":{"rendered":"http:\/\/peter-hess-institute.com\/?page_id=76364"},"modified":"2025-08-12T15:12:52","modified_gmt":"2025-08-12T13:12:52","slug":"office-team","status":"publish","type":"page","link":"https:\/\/peter-hess-institute.com\/es\/office-team\/","title":{"rendered":"Equipo de oficina"},"content":{"rendered":"<div class=\"vc_row wpb_row vc_row-fluid\"><div class=\"wpb_column vc_column_container vc_col-sm-12\"><div class=\"vc_column-inner\"><div class=\"wpb_wrapper\"><div class=\"vc_empty_space\"   style=\"height: 80px\"><span class=\"vc_empty_space_inner\"><\/span><\/div><\/div><\/div><\/div><\/div><div class=\"vc_row wpb_row vc_row-fluid\"><div class=\"wpb_column vc_column_container vc_col-sm-12\"><div class=\"vc_column-inner\"><div class=\"wpb_wrapper\">\n\t<div class=\"wpb_text_column wpb_content_element  vc_custom_1748258306249\" >\n\t\t<div class=\"wpb_wrapper\">\n\t\t\t<h1 style=\"font-family: Open Sans; color: #9b1c22;\">Miembros del equipo<\/h1>\n<h3 style=\"font-family: Open Sans; color: #ad9c74;\">Peter Hess <sup>\u00ae<\/sup> Instituto<\/h3>\n\n\t\t<\/div>\n\t<\/div>\n<div class=\"vc_empty_space\"   style=\"height: 32px\"><span class=\"vc_empty_space_inner\"><\/span><\/div><div class=\"vc_row wpb_row vc_inner vc_row-fluid vc_custom_1738660432919 vc_row-o-content-top vc_row-flex\"><div class=\"wpb_column vc_column_container vc_col-sm-6\"><div class=\"vc_column-inner vc_custom_1456260586027\"><div class=\"wpb_wrapper\">\n\t<div  class=\"wpb_single_image wpb_content_element vc_align_center  wpb_animate_when_almost_visible wpb_bounceIn bounceIn\">\n\t\t\n\t\t<figure class=\"wpb_wrapper vc_figure\">\n\t\t\t<div class=\"vc_single_image-wrapper vc_box_circle  vc_box_border_grey\"><img width=\"300\" height=\"300\" src=\"https:\/\/peter-hess-institute.com\/wp-content\/uploads\/2024\/11\/PeterHess-300x300.jpg\" class=\"vc_single_image-img attachment-medium\" alt=\"\" decoding=\"async\" loading=\"lazy\" srcset=\"https:\/\/peter-hess-institute.com\/wp-content\/uploads\/2024\/11\/PeterHess-300x300.jpg 300w, https:\/\/peter-hess-institute.com\/wp-content\/uploads\/2024\/11\/PeterHess-150x150.jpg 150w, https:\/\/peter-hess-institute.com\/wp-content\/uploads\/2024\/11\/PeterHess-146x146.jpg 146w, https:\/\/peter-hess-institute.com\/wp-content\/uploads\/2024\/11\/PeterHess-50x50.jpg 50w, https:\/\/peter-hess-institute.com\/wp-content\/uploads\/2024\/11\/PeterHess-75x75.jpg 75w, https:\/\/peter-hess-institute.com\/wp-content\/uploads\/2024\/11\/PeterHess-85x85.jpg 85w, https:\/\/peter-hess-institute.com\/wp-content\/uploads\/2024\/11\/PeterHess-80x80.jpg 80w, https:\/\/peter-hess-institute.com\/wp-content\/uploads\/2024\/11\/PeterHess.jpg 400w\" sizes=\"(max-width: 300px) 100vw, 300px\" \/><\/div>\n\t\t<\/figure>\n\t<\/div>\n\n\t<div class=\"wpb_text_column wpb_content_element\" >\n\t\t<div class=\"wpb_wrapper\">\n\t\t\t<h3 style=\"font-family: Open Sans; color: #ad9c74; text-align: center;\">Peter Hess<\/h3>\n<p style=\"text-align: center;\">Fundador y creador de los m\u00e9todos Peter Hess\u00ae Sound Massage &amp; Sound Methods<br data-start=\"190\" data-end=\"193\" \/>Presidente de la Junta Directiva de la Asociaci\u00f3n Internacional de Terapia de Masaje Ac\u00fastico (e.V.)<br data-start=\"274\" data-end=\"277\" \/>Desarrollador de los cuencos cantores terap\u00e9uticos Peter Hess, cuencos Sangha (incl. mazos), cuencos Zen y cuencos Assam.<\/p>\n\n\t\t<\/div>\n\t<\/div>\n<\/div><\/div><\/div><div class=\"wpb_column vc_column_container vc_col-sm-6\"><div class=\"vc_column-inner\"><div class=\"wpb_wrapper\">\n\t<div  class=\"wpb_single_image wpb_content_element vc_align_center  wpb_animate_when_almost_visible wpb_bounceIn bounceIn\">\n\t\t\n\t\t<figure class=\"wpb_wrapper vc_figure\">\n\t\t\t<div class=\"vc_single_image-wrapper vc_box_circle  vc_box_border_grey\"><img width=\"300\" height=\"300\" src=\"https:\/\/peter-hess-institute.com\/wp-content\/uploads\/2025\/04\/EmilyHess-300x300.jpg\" class=\"vc_single_image-img attachment-medium\" alt=\"\" decoding=\"async\" loading=\"lazy\" srcset=\"https:\/\/peter-hess-institute.com\/wp-content\/uploads\/2025\/04\/EmilyHess-300x300.jpg 300w, https:\/\/peter-hess-institute.com\/wp-content\/uploads\/2025\/04\/EmilyHess-150x150.jpg 150w, https:\/\/peter-hess-institute.com\/wp-content\/uploads\/2025\/04\/EmilyHess-146x146.jpg 146w, https:\/\/peter-hess-institute.com\/wp-content\/uploads\/2025\/04\/EmilyHess-50x50.jpg 50w, https:\/\/peter-hess-institute.com\/wp-content\/uploads\/2025\/04\/EmilyHess-75x75.jpg 75w, https:\/\/peter-hess-institute.com\/wp-content\/uploads\/2025\/04\/EmilyHess-85x85.jpg 85w, https:\/\/peter-hess-institute.com\/wp-content\/uploads\/2025\/04\/EmilyHess-80x80.jpg 80w, https:\/\/peter-hess-institute.com\/wp-content\/uploads\/2025\/04\/EmilyHess.jpg 400w\" sizes=\"(max-width: 300px) 100vw, 300px\" \/><\/div>\n\t\t<\/figure>\n\t<\/div>\n\n\t<div class=\"wpb_text_column wpb_content_element\" >\n\t\t<div class=\"wpb_wrapper\">\n\t\t\t<h3 style=\"font-family: Open Sans; color: #ad9c74; text-align: center;\">Emily Hess<\/h3>\n<p style=\"text-align: center;\">Fundador y desarrollador de Peter Hess Sound Education (KliK), Basic Trust y Sound Yoga.<\/p>\n\n\t\t<\/div>\n\t<\/div>\n<\/div><\/div><\/div><\/div><div class=\"vc_empty_space\"   style=\"height: 25px\"><span class=\"vc_empty_space_inner\"><\/span><\/div><div class=\"vc_row wpb_row vc_inner vc_row-fluid vc_custom_1738660432919 vc_row-o-content-top vc_row-flex\"><div class=\"wpb_column vc_column_container vc_col-sm-6\"><div class=\"vc_column-inner vc_custom_1456260586027\"><div class=\"wpb_wrapper\">\n\t<div  class=\"wpb_single_image wpb_content_element vc_align_center  wpb_animate_when_almost_visible wpb_bounceIn bounceIn\">\n\t\t\n\t\t<figure class=\"wpb_wrapper vc_figure\">\n\t\t\t<div class=\"vc_single_image-wrapper vc_box_circle  vc_box_border_grey\"><img width=\"300\" height=\"300\" src=\"https:\/\/peter-hess-institute.com\/wp-content\/uploads\/2024\/09\/nicole_herkert-sl-300x300.jpg\" class=\"vc_single_image-img attachment-medium\" alt=\"Nicole Herkert\" decoding=\"async\" loading=\"lazy\" srcset=\"https:\/\/peter-hess-institute.com\/wp-content\/uploads\/2024\/09\/nicole_herkert-sl-300x300.jpg 300w, https:\/\/peter-hess-institute.com\/wp-content\/uploads\/2024\/09\/nicole_herkert-sl-150x150.jpg 150w, https:\/\/peter-hess-institute.com\/wp-content\/uploads\/2024\/09\/nicole_herkert-sl-146x146.jpg 146w, https:\/\/peter-hess-institute.com\/wp-content\/uploads\/2024\/09\/nicole_herkert-sl-50x50.jpg 50w, https:\/\/peter-hess-institute.com\/wp-content\/uploads\/2024\/09\/nicole_herkert-sl-75x75.jpg 75w, https:\/\/peter-hess-institute.com\/wp-content\/uploads\/2024\/09\/nicole_herkert-sl-85x85.jpg 85w, https:\/\/peter-hess-institute.com\/wp-content\/uploads\/2024\/09\/nicole_herkert-sl-80x80.jpg 80w, https:\/\/peter-hess-institute.com\/wp-content\/uploads\/2024\/09\/nicole_herkert-sl.jpg 427w\" sizes=\"(max-width: 300px) 100vw, 300px\" \/><\/div>\n\t\t<\/figure>\n\t<\/div>\n\n\t<div class=\"wpb_text_column wpb_content_element\" >\n\t\t<div class=\"wpb_wrapper\">\n\t\t\t<h3 style=\"font-family: Open Sans; color: #ad9c74; text-align: center;\">Nicole Herkert<\/h3>\n<p style=\"text-align: center;\" data-start=\"69\" data-end=\"454\">Dirige el Instituto Peter Hess junto con Matthias Herkert<br data-start=\"134\" data-end=\"137\" \/>Responsable de las academias internacionales, la autorizaci\u00f3n de instructores (en el pa\u00eds y en el extranjero), la formaci\u00f3n y el control de calidad, la formaci\u00f3n b\u00e1sica en masaje y la representaci\u00f3n de m\u00e9todos.<br data-start=\"314\" data-end=\"317\" \/>Propietario de las casas de seminarios de Schweringen y Landsteiner M\u00fchle<br data-start=\"381\" data-end=\"384\" \/>Licenciatura en M\u00e9todos Complementarios \/ M\u00e9todos de Resonancia Ac\u00fastica<\/p>\n\n\t\t<\/div>\n\t<\/div>\n<\/div><\/div><\/div><div class=\"wpb_column vc_column_container vc_col-sm-6\"><div class=\"vc_column-inner\"><div class=\"wpb_wrapper\">\n\t<div  class=\"wpb_single_image wpb_content_element vc_align_center  wpb_animate_when_almost_visible wpb_bounceIn bounceIn\">\n\t\t\n\t\t<figure class=\"wpb_wrapper vc_figure\">\n\t\t\t<div class=\"vc_single_image-wrapper vc_box_circle  vc_box_border_grey\"><img width=\"300\" height=\"300\" src=\"https:\/\/peter-hess-institute.com\/wp-content\/uploads\/2025\/02\/MatthiasHerkert-300x300.jpg\" class=\"vc_single_image-img attachment-medium\" alt=\"\" decoding=\"async\" loading=\"lazy\" srcset=\"https:\/\/peter-hess-institute.com\/wp-content\/uploads\/2025\/02\/MatthiasHerkert-300x300.jpg 300w, https:\/\/peter-hess-institute.com\/wp-content\/uploads\/2025\/02\/MatthiasHerkert-150x150.jpg 150w, https:\/\/peter-hess-institute.com\/wp-content\/uploads\/2025\/02\/MatthiasHerkert-146x146.jpg 146w, https:\/\/peter-hess-institute.com\/wp-content\/uploads\/2025\/02\/MatthiasHerkert-50x50.jpg 50w, https:\/\/peter-hess-institute.com\/wp-content\/uploads\/2025\/02\/MatthiasHerkert-75x75.jpg 75w, https:\/\/peter-hess-institute.com\/wp-content\/uploads\/2025\/02\/MatthiasHerkert-85x85.jpg 85w, https:\/\/peter-hess-institute.com\/wp-content\/uploads\/2025\/02\/MatthiasHerkert-80x80.jpg 80w, https:\/\/peter-hess-institute.com\/wp-content\/uploads\/2025\/02\/MatthiasHerkert.jpg 400w\" sizes=\"(max-width: 300px) 100vw, 300px\" \/><\/div>\n\t\t<\/figure>\n\t<\/div>\n\n\t<div class=\"wpb_text_column wpb_content_element\" >\n\t\t<div class=\"wpb_wrapper\">\n\t\t\t<h3 style=\"font-family: Open Sans; color: #ad9c74; text-align: center;\">Matthias Herkert<\/h3>\n<p style=\"text-align: center;\">Propietario y Director Gerente de Peter Hess Klangmethoden GmbH &amp; Co. KG<br data-start=\"139\" data-end=\"142\" \/>Codirector del Instituto Peter Hess junto con Nicole Herkert<br data-start=\"206\" data-end=\"209\" \/>Propietario de Herkert Service &amp; Event<br data-start=\"241\" data-end=\"244\" \/>Operador de la Casa de seminarios Landsteiner M\u00fchle<\/p>\n\n\t\t<\/div>\n\t<\/div>\n<\/div><\/div><\/div><\/div><div class=\"vc_empty_space\"   style=\"height: 25px\"><span class=\"vc_empty_space_inner\"><\/span><\/div><div class=\"vc_row wpb_row vc_inner vc_row-fluid vc_custom_1738660432919 vc_row-o-content-top vc_row-flex\"><div class=\"wpb_column vc_column_container vc_col-sm-6\"><div class=\"vc_column-inner vc_custom_1456260586027\"><div class=\"wpb_wrapper\">\n\t<div  class=\"wpb_single_image wpb_content_element vc_align_center  wpb_animate_when_almost_visible wpb_bounceIn bounceIn\">\n\t\t\n\t\t<figure class=\"wpb_wrapper vc_figure\">\n\t\t\t<div class=\"vc_single_image-wrapper vc_box_circle  vc_box_border_grey\"><img width=\"300\" height=\"300\" src=\"https:\/\/peter-hess-institute.com\/wp-content\/uploads\/2025\/04\/BettinaLaue-300x300.jpg\" class=\"vc_single_image-img attachment-medium\" alt=\"\" decoding=\"async\" loading=\"lazy\" srcset=\"https:\/\/peter-hess-institute.com\/wp-content\/uploads\/2025\/04\/BettinaLaue-300x300.jpg 300w, https:\/\/peter-hess-institute.com\/wp-content\/uploads\/2025\/04\/BettinaLaue-1024x1024.jpg 1024w, https:\/\/peter-hess-institute.com\/wp-content\/uploads\/2025\/04\/BettinaLaue-150x150.jpg 150w, https:\/\/peter-hess-institute.com\/wp-content\/uploads\/2025\/04\/BettinaLaue-768x768.jpg 768w, https:\/\/peter-hess-institute.com\/wp-content\/uploads\/2025\/04\/BettinaLaue-146x146.jpg 146w, https:\/\/peter-hess-institute.com\/wp-content\/uploads\/2025\/04\/BettinaLaue-50x50.jpg 50w, https:\/\/peter-hess-institute.com\/wp-content\/uploads\/2025\/04\/BettinaLaue-75x75.jpg 75w, https:\/\/peter-hess-institute.com\/wp-content\/uploads\/2025\/04\/BettinaLaue-85x85.jpg 85w, https:\/\/peter-hess-institute.com\/wp-content\/uploads\/2025\/04\/BettinaLaue-80x80.jpg 80w, https:\/\/peter-hess-institute.com\/wp-content\/uploads\/2025\/04\/BettinaLaue-500x500.jpg 500w, https:\/\/peter-hess-institute.com\/wp-content\/uploads\/2025\/04\/BettinaLaue-800x800.jpg 800w, https:\/\/peter-hess-institute.com\/wp-content\/uploads\/2025\/04\/BettinaLaue.jpg 1043w\" sizes=\"(max-width: 300px) 100vw, 300px\" \/><\/div>\n\t\t<\/figure>\n\t<\/div>\n\n\t<div class=\"wpb_text_column wpb_content_element\" >\n\t\t<div class=\"wpb_wrapper\">\n\t\t\t<h3 style=\"font-family: Open Sans; color: #ad9c74; text-align: center;\">Bettina Laue<\/h3>\n<p style=\"text-align: center;\">Office Manager - Coordinaci\u00f3n y planificaci\u00f3n de seminarios<br data-start=\"104\" data-end=\"107\" \/>Instructor de seminarios, animador de talleres, organizador de eventos<\/p>\n\n\t\t<\/div>\n\t<\/div>\n<\/div><\/div><\/div><div class=\"wpb_column vc_column_container vc_col-sm-6\"><div class=\"vc_column-inner\"><div class=\"wpb_wrapper\">\n\t<div  class=\"wpb_single_image wpb_content_element vc_align_center  wpb_animate_when_almost_visible wpb_bounceIn bounceIn\">\n\t\t\n\t\t<figure class=\"wpb_wrapper vc_figure\">\n\t\t\t<div class=\"vc_single_image-wrapper vc_box_circle  vc_box_border_grey\"><img width=\"300\" height=\"300\" src=\"https:\/\/peter-hess-institute.com\/wp-content\/uploads\/2025\/04\/TjalfHoyer-300x300.jpg\" class=\"vc_single_image-img attachment-medium\" alt=\"\" decoding=\"async\" loading=\"lazy\" srcset=\"https:\/\/peter-hess-institute.com\/wp-content\/uploads\/2025\/04\/TjalfHoyer-300x300.jpg 300w, https:\/\/peter-hess-institute.com\/wp-content\/uploads\/2025\/04\/TjalfHoyer-150x150.jpg 150w, https:\/\/peter-hess-institute.com\/wp-content\/uploads\/2025\/04\/TjalfHoyer-146x146.jpg 146w, https:\/\/peter-hess-institute.com\/wp-content\/uploads\/2025\/04\/TjalfHoyer-50x50.jpg 50w, https:\/\/peter-hess-institute.com\/wp-content\/uploads\/2025\/04\/TjalfHoyer-75x75.jpg 75w, https:\/\/peter-hess-institute.com\/wp-content\/uploads\/2025\/04\/TjalfHoyer-85x85.jpg 85w, https:\/\/peter-hess-institute.com\/wp-content\/uploads\/2025\/04\/TjalfHoyer-80x80.jpg 80w, https:\/\/peter-hess-institute.com\/wp-content\/uploads\/2025\/04\/TjalfHoyer.jpg 400w\" sizes=\"(max-width: 300px) 100vw, 300px\" \/><\/div>\n\t\t<\/figure>\n\t<\/div>\n\n\t<div class=\"wpb_text_column wpb_content_element\" >\n\t\t<div class=\"wpb_wrapper\">\n\t\t\t<h3 style=\"font-family: Open Sans; color: #ad9c74; text-align: center;\">Tjalf Hoyer<\/h3>\n<p style=\"text-align: center;\">Gesti\u00f3n de calidad, Certificaciones<br data-start=\"86\" data-end=\"89\" \/>Coordinador de Asociaciones Acad\u00e9micas (Universidades)<\/p>\n\n\t\t<\/div>\n\t<\/div>\n<\/div><\/div><\/div><\/div><div class=\"vc_empty_space\"   style=\"height: 25px\"><span class=\"vc_empty_space_inner\"><\/span><\/div><div class=\"vc_row wpb_row vc_inner vc_row-fluid vc_custom_1738660432919 vc_row-o-content-top vc_row-flex\"><div class=\"wpb_column vc_column_container vc_col-sm-6\"><div class=\"vc_column-inner vc_custom_1456260586027\"><div class=\"wpb_wrapper\">\n\t<div  class=\"wpb_single_image wpb_content_element vc_align_center  wpb_animate_when_almost_visible wpb_bounceIn bounceIn\">\n\t\t\n\t\t<figure class=\"wpb_wrapper vc_figure\">\n\t\t\t<div class=\"vc_single_image-wrapper vc_box_circle  vc_box_border_grey\"><img width=\"300\" height=\"300\" src=\"https:\/\/peter-hess-institute.com\/wp-content\/uploads\/2025\/04\/DanielaAbel_SL-300x300.jpg\" class=\"vc_single_image-img attachment-medium\" alt=\"\" decoding=\"async\" loading=\"lazy\" srcset=\"https:\/\/peter-hess-institute.com\/wp-content\/uploads\/2025\/04\/DanielaAbel_SL-300x300.jpg 300w, https:\/\/peter-hess-institute.com\/wp-content\/uploads\/2025\/04\/DanielaAbel_SL-150x150.jpg 150w, https:\/\/peter-hess-institute.com\/wp-content\/uploads\/2025\/04\/DanielaAbel_SL-146x146.jpg 146w, https:\/\/peter-hess-institute.com\/wp-content\/uploads\/2025\/04\/DanielaAbel_SL-50x50.jpg 50w, https:\/\/peter-hess-institute.com\/wp-content\/uploads\/2025\/04\/DanielaAbel_SL-75x75.jpg 75w, https:\/\/peter-hess-institute.com\/wp-content\/uploads\/2025\/04\/DanielaAbel_SL-85x85.jpg 85w, https:\/\/peter-hess-institute.com\/wp-content\/uploads\/2025\/04\/DanielaAbel_SL-80x80.jpg 80w, https:\/\/peter-hess-institute.com\/wp-content\/uploads\/2025\/04\/DanielaAbel_SL.jpg 400w\" sizes=\"(max-width: 300px) 100vw, 300px\" \/><\/div>\n\t\t<\/figure>\n\t<\/div>\n\n\t<div class=\"wpb_text_column wpb_content_element\" >\n\t\t<div class=\"wpb_wrapper\">\n\t\t\t<h3 style=\"font-family: Open Sans; color: #ad9c74; text-align: center;\">Daniela Abel<\/h3>\n<p style=\"text-align: center;\">Asesoramiento y organizaci\u00f3n de seminarios de formaci\u00f3n avanzada<br data-start=\"100\" data-end=\"103\" \/>Incluidos los procesos de certificaci\u00f3n para programas avanzados (viajes de imaginer\u00eda, confianza b\u00e1sica, gong, yoga y seminarios especializados).<\/p>\n\n\t\t<\/div>\n\t<\/div>\n<\/div><\/div><\/div><div class=\"wpb_column vc_column_container vc_col-sm-6\"><div class=\"vc_column-inner\"><div class=\"wpb_wrapper\">\n\t<div  class=\"wpb_single_image wpb_content_element vc_align_center  wpb_animate_when_almost_visible wpb_bounceIn bounceIn\">\n\t\t\n\t\t<figure class=\"wpb_wrapper vc_figure\">\n\t\t\t<div class=\"vc_single_image-wrapper vc_box_circle  vc_box_border_grey\"><img width=\"300\" height=\"300\" src=\"https:\/\/peter-hess-institute.com\/wp-content\/uploads\/2025\/04\/DoreenSchaefer-300x300.jpg\" class=\"vc_single_image-img attachment-medium\" alt=\"\" decoding=\"async\" loading=\"lazy\" srcset=\"https:\/\/peter-hess-institute.com\/wp-content\/uploads\/2025\/04\/DoreenSchaefer-300x300.jpg 300w, https:\/\/peter-hess-institute.com\/wp-content\/uploads\/2025\/04\/DoreenSchaefer-150x150.jpg 150w, https:\/\/peter-hess-institute.com\/wp-content\/uploads\/2025\/04\/DoreenSchaefer-146x146.jpg 146w, https:\/\/peter-hess-institute.com\/wp-content\/uploads\/2025\/04\/DoreenSchaefer-50x50.jpg 50w, https:\/\/peter-hess-institute.com\/wp-content\/uploads\/2025\/04\/DoreenSchaefer-75x75.jpg 75w, https:\/\/peter-hess-institute.com\/wp-content\/uploads\/2025\/04\/DoreenSchaefer-85x85.jpg 85w, https:\/\/peter-hess-institute.com\/wp-content\/uploads\/2025\/04\/DoreenSchaefer-80x80.jpg 80w, https:\/\/peter-hess-institute.com\/wp-content\/uploads\/2025\/04\/DoreenSchaefer.jpg 400w\" sizes=\"(max-width: 300px) 100vw, 300px\" \/><\/div>\n\t\t<\/figure>\n\t<\/div>\n\n\t<div class=\"wpb_text_column wpb_content_element\" >\n\t\t<div class=\"wpb_wrapper\">\n\t\t\t<h3 style=\"font-family: Open Sans; color: #ad9c74; text-align: center;\">Doreen Sch\u00e4fer<\/h3>\n<p style=\"text-align: center;\" data-start=\"48\" data-end=\"172\">Asesoramiento y organizaci\u00f3n de seminarios en l\u00ednea y retiros Ikaria<br data-start=\"109\" data-end=\"112\" \/>Apoyo a seminarios y tiendas en la Casa de seminarios de Schweringen<\/p>\n\n\t\t<\/div>\n\t<\/div>\n<\/div><\/div><\/div><\/div><div class=\"vc_empty_space\"   style=\"height: 25px\"><span class=\"vc_empty_space_inner\"><\/span><\/div><div class=\"vc_row wpb_row vc_inner vc_row-fluid vc_custom_1738660432919 vc_row-o-content-top vc_row-flex\"><div class=\"wpb_column vc_column_container vc_col-sm-6\"><div class=\"vc_column-inner vc_custom_1456260586027\"><div class=\"wpb_wrapper\">\n\t<div  class=\"wpb_single_image wpb_content_element vc_align_center  wpb_animate_when_almost_visible wpb_bounceIn bounceIn\">\n\t\t\n\t\t<figure class=\"wpb_wrapper vc_figure\">\n\t\t\t<div class=\"vc_single_image-wrapper vc_box_circle  vc_box_border_grey\"><img width=\"300\" height=\"300\" src=\"https:\/\/peter-hess-institute.com\/wp-content\/uploads\/2025\/04\/FlorianWolter-Peeksen2-300x300.jpg\" class=\"vc_single_image-img attachment-medium\" alt=\"\" decoding=\"async\" loading=\"lazy\" srcset=\"https:\/\/peter-hess-institute.com\/wp-content\/uploads\/2025\/04\/FlorianWolter-Peeksen2-300x300.jpg 300w, https:\/\/peter-hess-institute.com\/wp-content\/uploads\/2025\/04\/FlorianWolter-Peeksen2-150x150.jpg 150w, https:\/\/peter-hess-institute.com\/wp-content\/uploads\/2025\/04\/FlorianWolter-Peeksen2-146x146.jpg 146w, https:\/\/peter-hess-institute.com\/wp-content\/uploads\/2025\/04\/FlorianWolter-Peeksen2-50x50.jpg 50w, https:\/\/peter-hess-institute.com\/wp-content\/uploads\/2025\/04\/FlorianWolter-Peeksen2-75x75.jpg 75w, https:\/\/peter-hess-institute.com\/wp-content\/uploads\/2025\/04\/FlorianWolter-Peeksen2-85x85.jpg 85w, https:\/\/peter-hess-institute.com\/wp-content\/uploads\/2025\/04\/FlorianWolter-Peeksen2-80x80.jpg 80w, https:\/\/peter-hess-institute.com\/wp-content\/uploads\/2025\/04\/FlorianWolter-Peeksen2.jpg 400w\" sizes=\"(max-width: 300px) 100vw, 300px\" \/><\/div>\n\t\t<\/figure>\n\t<\/div>\n\n\t<div class=\"wpb_text_column wpb_content_element\" >\n\t\t<div class=\"wpb_wrapper\">\n\t\t\t<h3 style=\"font-family: Open Sans; color: #ad9c74; text-align: center;\">Florian Wolter-Peeksen<\/h3>\n<p style=\"text-align: center;\" data-start=\"48\" data-end=\"128\">Env\u00edo y log\u00edstica de seminarios y material editorial<br data-start=\"110\" data-end=\"113\" \/>Apoyo a seminarios<\/p>\n\n\t\t<\/div>\n\t<\/div>\n<\/div><\/div><\/div><div class=\"wpb_column vc_column_container vc_col-sm-6\"><div class=\"vc_column-inner\"><div class=\"wpb_wrapper\">\n\t<div  class=\"wpb_single_image wpb_content_element vc_align_center  wpb_animate_when_almost_visible wpb_bounceIn bounceIn\">\n\t\t\n\t\t<figure class=\"wpb_wrapper vc_figure\">\n\t\t\t<div class=\"vc_single_image-wrapper vc_box_circle  vc_box_border_grey\"><img width=\"300\" height=\"300\" src=\"https:\/\/peter-hess-institute.com\/wp-content\/uploads\/2025\/01\/Martina_Klinger-Tyra-300x300.jpg\" class=\"vc_single_image-img attachment-medium\" alt=\"\" decoding=\"async\" loading=\"lazy\" srcset=\"https:\/\/peter-hess-institute.com\/wp-content\/uploads\/2025\/01\/Martina_Klinger-Tyra-300x300.jpg 300w, https:\/\/peter-hess-institute.com\/wp-content\/uploads\/2025\/01\/Martina_Klinger-Tyra-150x150.jpg 150w, https:\/\/peter-hess-institute.com\/wp-content\/uploads\/2025\/01\/Martina_Klinger-Tyra-146x146.jpg 146w, https:\/\/peter-hess-institute.com\/wp-content\/uploads\/2025\/01\/Martina_Klinger-Tyra-50x50.jpg 50w, https:\/\/peter-hess-institute.com\/wp-content\/uploads\/2025\/01\/Martina_Klinger-Tyra-75x75.jpg 75w, https:\/\/peter-hess-institute.com\/wp-content\/uploads\/2025\/01\/Martina_Klinger-Tyra-85x85.jpg 85w, https:\/\/peter-hess-institute.com\/wp-content\/uploads\/2025\/01\/Martina_Klinger-Tyra-80x80.jpg 80w, https:\/\/peter-hess-institute.com\/wp-content\/uploads\/2025\/01\/Martina_Klinger-Tyra.jpg 400w\" sizes=\"(max-width: 300px) 100vw, 300px\" \/><\/div>\n\t\t<\/figure>\n\t<\/div>\n\n\t<div class=\"wpb_text_column wpb_content_element\" >\n\t\t<div class=\"wpb_wrapper\">\n\t\t\t<h3 style=\"font-family: Open Sans; color: #ad9c74; text-align: center;\">Martina Klinger-Tyra<\/h3>\n<p style=\"text-align: center;\" data-start=\"48\" data-end=\"139\">Contabilidad y tenedur\u00eda de libros<br data-start=\"76\" data-end=\"79\" \/>Apoyo a seminarios y tiendas en la Casa de seminarios de Schweringen<\/p>\n\n\t\t<\/div>\n\t<\/div>\n<\/div><\/div><\/div><\/div><div class=\"vc_empty_space\"   style=\"height: 25px\"><span class=\"vc_empty_space_inner\"><\/span><\/div><div class=\"vc_row wpb_row vc_inner vc_row-fluid vc_custom_1738660432919 vc_row-o-content-top vc_row-flex\"><div class=\"wpb_column vc_column_container vc_col-sm-6\"><div class=\"vc_column-inner vc_custom_1456260586027\"><div class=\"wpb_wrapper\">\n\t<div  class=\"wpb_single_image wpb_content_element vc_align_center  wpb_animate_when_almost_visible wpb_bounceIn bounceIn\">\n\t\t\n\t\t<figure class=\"wpb_wrapper vc_figure\">\n\t\t\t<div class=\"vc_single_image-wrapper vc_box_circle  vc_box_border_grey\"><img width=\"300\" height=\"300\" src=\"https:\/\/peter-hess-institute.com\/wp-content\/uploads\/2024\/10\/dummy-pha-300x300.jpg\" class=\"vc_single_image-img attachment-medium\" alt=\"dummy-pha\" decoding=\"async\" loading=\"lazy\" srcset=\"https:\/\/peter-hess-institute.com\/wp-content\/uploads\/2024\/10\/dummy-pha-300x300.jpg 300w, https:\/\/peter-hess-institute.com\/wp-content\/uploads\/2024\/10\/dummy-pha-150x150.jpg 150w, https:\/\/peter-hess-institute.com\/wp-content\/uploads\/2024\/10\/dummy-pha-146x146.jpg 146w, https:\/\/peter-hess-institute.com\/wp-content\/uploads\/2024\/10\/dummy-pha-50x50.jpg 50w, https:\/\/peter-hess-institute.com\/wp-content\/uploads\/2024\/10\/dummy-pha-75x75.jpg 75w, https:\/\/peter-hess-institute.com\/wp-content\/uploads\/2024\/10\/dummy-pha-85x85.jpg 85w, https:\/\/peter-hess-institute.com\/wp-content\/uploads\/2024\/10\/dummy-pha-80x80.jpg 80w, https:\/\/peter-hess-institute.com\/wp-content\/uploads\/2024\/10\/dummy-pha.jpg 400w\" sizes=\"(max-width: 300px) 100vw, 300px\" \/><\/div>\n\t\t<\/figure>\n\t<\/div>\n\n\t<div class=\"wpb_text_column wpb_content_element\" >\n\t\t<div class=\"wpb_wrapper\">\n\t\t\t<h3 style=\"font-family: Open Sans; color: #ad9c74; text-align: center;\">Fiona Honstein<\/h3>\n<p style=\"text-align: center;\">Marketing, redes sociales,<\/p>\n<p style=\"text-align: center;\">Dise\u00f1o gr\u00e1fico y producci\u00f3n impresa<\/p>\n\n\t\t<\/div>\n\t<\/div>\n<\/div><\/div><\/div><div class=\"wpb_column vc_column_container vc_col-sm-6\"><div class=\"vc_column-inner\"><div class=\"wpb_wrapper\">\n\t<div  class=\"wpb_single_image wpb_content_element vc_align_center  wpb_animate_when_almost_visible wpb_bounceIn bounceIn\">\n\t\t\n\t\t<figure class=\"wpb_wrapper vc_figure\">\n\t\t\t<div class=\"vc_single_image-wrapper vc_box_circle  vc_box_border_grey\"><img width=\"300\" height=\"300\" src=\"https:\/\/peter-hess-institute.com\/wp-content\/uploads\/2025\/04\/Christina-Koller-300x300.jpg\" class=\"vc_single_image-img attachment-medium\" alt=\"\" decoding=\"async\" loading=\"lazy\" srcset=\"https:\/\/peter-hess-institute.com\/wp-content\/uploads\/2025\/04\/Christina-Koller-300x300.jpg 300w, https:\/\/peter-hess-institute.com\/wp-content\/uploads\/2025\/04\/Christina-Koller-150x150.jpg 150w, https:\/\/peter-hess-institute.com\/wp-content\/uploads\/2025\/04\/Christina-Koller-146x146.jpg 146w, https:\/\/peter-hess-institute.com\/wp-content\/uploads\/2025\/04\/Christina-Koller-50x50.jpg 50w, https:\/\/peter-hess-institute.com\/wp-content\/uploads\/2025\/04\/Christina-Koller-75x75.jpg 75w, https:\/\/peter-hess-institute.com\/wp-content\/uploads\/2025\/04\/Christina-Koller-85x85.jpg 85w, https:\/\/peter-hess-institute.com\/wp-content\/uploads\/2025\/04\/Christina-Koller-80x80.jpg 80w, https:\/\/peter-hess-institute.com\/wp-content\/uploads\/2025\/04\/Christina-Koller-500x500.jpg 500w, https:\/\/peter-hess-institute.com\/wp-content\/uploads\/2025\/04\/Christina-Koller.jpg 600w\" sizes=\"(max-width: 300px) 100vw, 300px\" \/><\/div>\n\t\t<\/figure>\n\t<\/div>\n\n\t<div class=\"wpb_text_column wpb_content_element\" >\n\t\t<div class=\"wpb_wrapper\">\n\t\t\t<h3 style=\"font-family: Open Sans; color: #ad9c74; text-align: center;\">Dr.phil. Christina Koller<\/h3>\n<p style=\"text-align: center;\">Graduada en pedagog\u00eda social (Dipl.-Sozialp\u00e4dagogin, Universidad de Ciencias Aplicadas), se doctor\u00f3 en la Universidad de Bamberg con una tesis sobre \u201cEl uso del sonido en entornos educativos\u201d. Durante muchos a\u00f1os ha trabajado como investigadora asociada en el Instituto Peter Hess\u00ae. Adem\u00e1s, es miembro de la junta directiva de la Asociaci\u00f3n Internacional de Terapia de Masaje con Sonido (e.V.) y coeditora de varias publicaciones profesionales con Verlag Peter Hess.<\/p>\n\n\t\t<\/div>\n\t<\/div>\n<\/div><\/div><\/div><\/div><div class=\"vc_empty_space\"   style=\"height: 25px\"><span class=\"vc_empty_space_inner\"><\/span><\/div><div class=\"vc_row wpb_row vc_inner vc_row-fluid vc_custom_1738660432919 vc_row-o-content-top vc_row-flex\"><div class=\"wpb_column vc_column_container vc_col-sm-6\"><div class=\"vc_column-inner vc_custom_1456260586027\"><div class=\"wpb_wrapper\">\n\t<div  class=\"wpb_single_image wpb_content_element vc_align_center  wpb_animate_when_almost_visible wpb_bounceIn bounceIn\">\n\t\t\n\t\t<figure class=\"wpb_wrapper vc_figure\">\n\t\t\t<div class=\"vc_single_image-wrapper vc_box_circle  vc_box_border_grey\"><img width=\"300\" height=\"300\" src=\"https:\/\/peter-hess-institute.com\/wp-content\/uploads\/2024\/10\/dummy-pha-300x300.jpg\" class=\"vc_single_image-img attachment-medium\" alt=\"dummy-pha\" decoding=\"async\" loading=\"lazy\" srcset=\"https:\/\/peter-hess-institute.com\/wp-content\/uploads\/2024\/10\/dummy-pha-300x300.jpg 300w, https:\/\/peter-hess-institute.com\/wp-content\/uploads\/2024\/10\/dummy-pha-150x150.jpg 150w, https:\/\/peter-hess-institute.com\/wp-content\/uploads\/2024\/10\/dummy-pha-146x146.jpg 146w, https:\/\/peter-hess-institute.com\/wp-content\/uploads\/2024\/10\/dummy-pha-50x50.jpg 50w, https:\/\/peter-hess-institute.com\/wp-content\/uploads\/2024\/10\/dummy-pha-75x75.jpg 75w, https:\/\/peter-hess-institute.com\/wp-content\/uploads\/2024\/10\/dummy-pha-85x85.jpg 85w, https:\/\/peter-hess-institute.com\/wp-content\/uploads\/2024\/10\/dummy-pha-80x80.jpg 80w, https:\/\/peter-hess-institute.com\/wp-content\/uploads\/2024\/10\/dummy-pha.jpg 400w\" sizes=\"(max-width: 300px) 100vw, 300px\" \/><\/div>\n\t\t<\/figure>\n\t<\/div>\n\n\t<div class=\"wpb_text_column wpb_content_element\" >\n\t\t<div class=\"wpb_wrapper\">\n\t\t\t<h3 style=\"font-family: Open Sans; color: #ad9c74; text-align: center;\">Anke B\u00f6ttcher<\/h3>\n<p style=\"text-align: center;\" data-start=\"48\" data-end=\"85\">Dise\u00f1o gr\u00e1fico y producci\u00f3n impresa<\/p>\n\n\t\t<\/div>\n\t<\/div>\n<\/div><\/div><\/div><div class=\"wpb_column vc_column_container vc_col-sm-6\"><div class=\"vc_column-inner\"><div class=\"wpb_wrapper\">\n\t<div  class=\"wpb_single_image wpb_content_element vc_align_center  wpb_animate_when_almost_visible wpb_bounceIn bounceIn\">\n\t\t\n\t\t<figure class=\"wpb_wrapper vc_figure\">\n\t\t\t<div class=\"vc_single_image-wrapper vc_box_circle  vc_box_border_grey\"><img width=\"300\" height=\"300\" src=\"https:\/\/peter-hess-institute.com\/wp-content\/uploads\/2024\/09\/Ulrich_Krause-sl-300x300.jpg\" class=\"vc_single_image-img attachment-medium\" alt=\"Ulrich_Krause\" decoding=\"async\" loading=\"lazy\" srcset=\"https:\/\/peter-hess-institute.com\/wp-content\/uploads\/2024\/09\/Ulrich_Krause-sl-300x300.jpg 300w, https:\/\/peter-hess-institute.com\/wp-content\/uploads\/2024\/09\/Ulrich_Krause-sl-150x150.jpg 150w, https:\/\/peter-hess-institute.com\/wp-content\/uploads\/2024\/09\/Ulrich_Krause-sl-146x146.jpg 146w, https:\/\/peter-hess-institute.com\/wp-content\/uploads\/2024\/09\/Ulrich_Krause-sl-50x50.jpg 50w, https:\/\/peter-hess-institute.com\/wp-content\/uploads\/2024\/09\/Ulrich_Krause-sl-75x75.jpg 75w, https:\/\/peter-hess-institute.com\/wp-content\/uploads\/2024\/09\/Ulrich_Krause-sl-85x85.jpg 85w, https:\/\/peter-hess-institute.com\/wp-content\/uploads\/2024\/09\/Ulrich_Krause-sl-80x80.jpg 80w, https:\/\/peter-hess-institute.com\/wp-content\/uploads\/2024\/09\/Ulrich_Krause-sl-500x500.jpg 500w, https:\/\/peter-hess-institute.com\/wp-content\/uploads\/2024\/09\/Ulrich_Krause-sl.jpg 600w\" sizes=\"(max-width: 300px) 100vw, 300px\" \/><\/div>\n\t\t<\/figure>\n\t<\/div>\n\n\t<div class=\"wpb_text_column wpb_content_element\" >\n\t\t<div class=\"wpb_wrapper\">\n\t\t\t<h3 style=\"font-family: Open Sans; color: #ad9c74; text-align: center;\">Ulrich Krause<\/h3>\n<p style=\"text-align: center;\" data-start=\"48\" data-end=\"186\">Asociado aut\u00f3nomo<br data-start=\"71\" data-end=\"74\" \/>Edici\u00f3n, Estudios cient\u00edficos, Investigaci\u00f3n<br data-start=\"111\" data-end=\"114\" \/>Miembro de la Junta Directiva de la Asociaci\u00f3n Internacional de Terapia de Masaje Ac\u00fastico (e.V.)<\/p>\n\n\t\t<\/div>\n\t<\/div>\n<\/div><\/div><\/div><\/div><div class=\"vc_empty_space\"   style=\"height: 25px\"><span class=\"vc_empty_space_inner\"><\/span><\/div><div class=\"vc_row wpb_row vc_inner vc_row-fluid vc_custom_1738660432919 vc_row-o-content-top vc_row-flex\"><div class=\"wpb_column vc_column_container vc_col-sm-6\"><div class=\"vc_column-inner vc_custom_1456260586027\"><div class=\"wpb_wrapper\">\n\t<div  class=\"wpb_single_image wpb_content_element vc_align_center  wpb_animate_when_almost_visible wpb_bounceIn bounceIn\">\n\t\t\n\t\t<figure class=\"wpb_wrapper vc_figure\">\n\t\t\t<div class=\"vc_single_image-wrapper vc_box_circle  vc_box_border_grey\"><img width=\"300\" height=\"300\" src=\"https:\/\/peter-hess-institute.com\/wp-content\/uploads\/2024\/10\/dummy-pha-300x300.jpg\" class=\"vc_single_image-img attachment-medium\" alt=\"dummy-pha\" decoding=\"async\" loading=\"lazy\" srcset=\"https:\/\/peter-hess-institute.com\/wp-content\/uploads\/2024\/10\/dummy-pha-300x300.jpg 300w, https:\/\/peter-hess-institute.com\/wp-content\/uploads\/2024\/10\/dummy-pha-150x150.jpg 150w, https:\/\/peter-hess-institute.com\/wp-content\/uploads\/2024\/10\/dummy-pha-146x146.jpg 146w, https:\/\/peter-hess-institute.com\/wp-content\/uploads\/2024\/10\/dummy-pha-50x50.jpg 50w, https:\/\/peter-hess-institute.com\/wp-content\/uploads\/2024\/10\/dummy-pha-75x75.jpg 75w, https:\/\/peter-hess-institute.com\/wp-content\/uploads\/2024\/10\/dummy-pha-85x85.jpg 85w, https:\/\/peter-hess-institute.com\/wp-content\/uploads\/2024\/10\/dummy-pha-80x80.jpg 80w, https:\/\/peter-hess-institute.com\/wp-content\/uploads\/2024\/10\/dummy-pha.jpg 400w\" sizes=\"(max-width: 300px) 100vw, 300px\" \/><\/div>\n\t\t<\/figure>\n\t<\/div>\n\n\t<div class=\"wpb_text_column wpb_content_element\" >\n\t\t<div class=\"wpb_wrapper\">\n\t\t\t<h3 style=\"font-family: Open Sans; color: #ad9c74; text-align: center;\">Annett Ramme<\/h3>\n<p style=\"text-align: center;\">Apoyo a seminarios y tiendas en la Casa de seminarios de Schweringen<\/p>\n\n\t\t<\/div>\n\t<\/div>\n<\/div><\/div><\/div><div class=\"wpb_column vc_column_container vc_col-sm-6\"><div class=\"vc_column-inner\"><div class=\"wpb_wrapper\">\n\t<div  class=\"wpb_single_image wpb_content_element vc_align_center  wpb_animate_when_almost_visible wpb_bounceIn bounceIn\">\n\t\t\n\t\t<figure class=\"wpb_wrapper vc_figure\">\n\t\t\t<div class=\"vc_single_image-wrapper vc_box_circle  vc_box_border_grey\"><img width=\"300\" height=\"300\" src=\"https:\/\/peter-hess-institute.com\/wp-content\/uploads\/2024\/10\/dummy-pha-300x300.jpg\" class=\"vc_single_image-img attachment-medium\" alt=\"dummy-pha\" decoding=\"async\" loading=\"lazy\" srcset=\"https:\/\/peter-hess-institute.com\/wp-content\/uploads\/2024\/10\/dummy-pha-300x300.jpg 300w, https:\/\/peter-hess-institute.com\/wp-content\/uploads\/2024\/10\/dummy-pha-150x150.jpg 150w, https:\/\/peter-hess-institute.com\/wp-content\/uploads\/2024\/10\/dummy-pha-146x146.jpg 146w, https:\/\/peter-hess-institute.com\/wp-content\/uploads\/2024\/10\/dummy-pha-50x50.jpg 50w, https:\/\/peter-hess-institute.com\/wp-content\/uploads\/2024\/10\/dummy-pha-75x75.jpg 75w, https:\/\/peter-hess-institute.com\/wp-content\/uploads\/2024\/10\/dummy-pha-85x85.jpg 85w, https:\/\/peter-hess-institute.com\/wp-content\/uploads\/2024\/10\/dummy-pha-80x80.jpg 80w, https:\/\/peter-hess-institute.com\/wp-content\/uploads\/2024\/10\/dummy-pha.jpg 400w\" sizes=\"(max-width: 300px) 100vw, 300px\" \/><\/div>\n\t\t<\/figure>\n\t<\/div>\n\n\t<div class=\"wpb_text_column wpb_content_element\" >\n\t\t<div class=\"wpb_wrapper\">\n\t\t\t<h3 style=\"font-family: Open Sans; color: #ad9c74; text-align: center;\">Zlata Garic<\/h3>\n<p style=\"text-align: center;\" data-start=\"48\" data-end=\"112\">Jefe de cocina y coordinador en la Casa de seminarios de Schweringen<\/p>\n\n\t\t<\/div>\n\t<\/div>\n<\/div><\/div><\/div><\/div><div class=\"vc_empty_space\"   style=\"height: 25px\"><span class=\"vc_empty_space_inner\"><\/span><\/div><div class=\"vc_row wpb_row vc_inner vc_row-fluid vc_custom_1738660432919 vc_row-o-content-top vc_row-flex\"><div class=\"wpb_column vc_column_container vc_col-sm-6\"><div class=\"vc_column-inner vc_custom_1456260586027\"><div class=\"wpb_wrapper\">\n\t<div  class=\"wpb_single_image wpb_content_element vc_align_center  wpb_animate_when_almost_visible wpb_bounceIn bounceIn\">\n\t\t\n\t\t<figure class=\"wpb_wrapper vc_figure\">\n\t\t\t<div class=\"vc_single_image-wrapper vc_box_circle  vc_box_border_grey\"><img width=\"300\" height=\"300\" src=\"https:\/\/peter-hess-institute.com\/wp-content\/uploads\/2024\/10\/dummy-pha-300x300.jpg\" class=\"vc_single_image-img attachment-medium\" alt=\"dummy-pha\" decoding=\"async\" loading=\"lazy\" srcset=\"https:\/\/peter-hess-institute.com\/wp-content\/uploads\/2024\/10\/dummy-pha-300x300.jpg 300w, https:\/\/peter-hess-institute.com\/wp-content\/uploads\/2024\/10\/dummy-pha-150x150.jpg 150w, https:\/\/peter-hess-institute.com\/wp-content\/uploads\/2024\/10\/dummy-pha-146x146.jpg 146w, https:\/\/peter-hess-institute.com\/wp-content\/uploads\/2024\/10\/dummy-pha-50x50.jpg 50w, https:\/\/peter-hess-institute.com\/wp-content\/uploads\/2024\/10\/dummy-pha-75x75.jpg 75w, https:\/\/peter-hess-institute.com\/wp-content\/uploads\/2024\/10\/dummy-pha-85x85.jpg 85w, https:\/\/peter-hess-institute.com\/wp-content\/uploads\/2024\/10\/dummy-pha-80x80.jpg 80w, https:\/\/peter-hess-institute.com\/wp-content\/uploads\/2024\/10\/dummy-pha.jpg 400w\" sizes=\"(max-width: 300px) 100vw, 300px\" \/><\/div>\n\t\t<\/figure>\n\t<\/div>\n\n\t<div class=\"wpb_text_column wpb_content_element\" >\n\t\t<div class=\"wpb_wrapper\">\n\t\t\t<h3 style=\"font-family: Open Sans; color: #ad9c74; text-align: center;\">Karin Bachmann<\/h3>\n<p style=\"text-align: center;\">Cocinero en la Casa del Seminario de Schweringen<\/p>\n\n\t\t<\/div>\n\t<\/div>\n<\/div><\/div><\/div><div class=\"wpb_column vc_column_container vc_col-sm-6\"><div class=\"vc_column-inner\"><div class=\"wpb_wrapper\">\n\t<div  class=\"wpb_single_image wpb_content_element vc_align_center  wpb_animate_when_almost_visible wpb_bounceIn bounceIn\">\n\t\t\n\t\t<figure class=\"wpb_wrapper vc_figure\">\n\t\t\t<div class=\"vc_single_image-wrapper vc_box_circle  vc_box_border_grey\"><img width=\"300\" height=\"300\" src=\"https:\/\/peter-hess-institute.com\/wp-content\/uploads\/2024\/10\/dummy-pha-300x300.jpg\" class=\"vc_single_image-img attachment-medium\" alt=\"dummy-pha\" decoding=\"async\" loading=\"lazy\" srcset=\"https:\/\/peter-hess-institute.com\/wp-content\/uploads\/2024\/10\/dummy-pha-300x300.jpg 300w, https:\/\/peter-hess-institute.com\/wp-content\/uploads\/2024\/10\/dummy-pha-150x150.jpg 150w, https:\/\/peter-hess-institute.com\/wp-content\/uploads\/2024\/10\/dummy-pha-146x146.jpg 146w, https:\/\/peter-hess-institute.com\/wp-content\/uploads\/2024\/10\/dummy-pha-50x50.jpg 50w, https:\/\/peter-hess-institute.com\/wp-content\/uploads\/2024\/10\/dummy-pha-75x75.jpg 75w, https:\/\/peter-hess-institute.com\/wp-content\/uploads\/2024\/10\/dummy-pha-85x85.jpg 85w, https:\/\/peter-hess-institute.com\/wp-content\/uploads\/2024\/10\/dummy-pha-80x80.jpg 80w, https:\/\/peter-hess-institute.com\/wp-content\/uploads\/2024\/10\/dummy-pha.jpg 400w\" sizes=\"(max-width: 300px) 100vw, 300px\" \/><\/div>\n\t\t<\/figure>\n\t<\/div>\n\n\t<div class=\"wpb_text_column wpb_content_element\" >\n\t\t<div class=\"wpb_wrapper\">\n\t\t\t<h3 style=\"font-family: Open Sans; color: #ad9c74; text-align: center;\">Irmhild Sch\u00fcnemann<\/h3>\n<p style=\"text-align: center;\">Cocinero en la Casa del Seminario de Schweringen<\/p>\n\n\t\t<\/div>\n\t<\/div>\n<\/div><\/div><\/div><\/div><\/div><\/div><\/div><\/div>","protected":false},"excerpt":{"rendered":"Team Members Peter Hess \u00ae Institute Peter Hess Founder and Developer of the Peter Hess\u00ae Sound Massage &amp; Sound MethodsChairman of the Board, International Association for Sound Massage Therapy (e.V.)Developer of the Peter Hess Therapy Singing Bowls, Sangha Bowls (incl.<span class=\"excerpt-hellip\"> [\u2026]<\/span>","protected":false},"author":75,"featured_media":0,"parent":0,"menu_order":0,"comment_status":"closed","ping_status":"closed","template":"","meta":{"footnotes":""},"acf":[],"_links":{"self":[{"href":"https:\/\/peter-hess-institute.com\/es\/wp-json\/wp\/v2\/pages\/76364"}],"collection":[{"href":"https:\/\/peter-hess-institute.com\/es\/wp-json\/wp\/v2\/pages"}],"about":[{"href":"https:\/\/peter-hess-institute.com\/es\/wp-json\/wp\/v2\/types\/page"}],"author":[{"embeddable":true,"href":"https:\/\/peter-hess-institute.com\/es\/wp-json\/wp\/v2\/users\/75"}],"replies":[{"embeddable":true,"href":"https:\/\/peter-hess-institute.com\/es\/wp-json\/wp\/v2\/comments?post=76364"}],"version-history":[{"count":0,"href":"https:\/\/peter-hess-institute.com\/es\/wp-json\/wp\/v2\/pages\/76364\/revisions"}],"wp:attachment":[{"href":"https:\/\/peter-hess-institute.com\/es\/wp-json\/wp\/v2\/media?parent=76364"}],"curies":[{"name":"wp","href":"https:\/\/api.w.org\/{rel}","templated":true}]}}